{"id":6007,"date":"2025-10-29T12:41:45","date_gmt":"2025-10-29T11:41:45","guid":{"rendered":"https:\/\/www.ifsi-clermont60.fr\/site\/?page_id=6007"},"modified":"2026-02-04T13:34:39","modified_gmt":"2026-02-04T12:34:39","slug":"sous-traitance","status":"publish","type":"page","link":"https:\/\/www.ifsi-clermont60.fr\/site\/index.php\/sous-traitance\/","title":{"rendered":"Partenaires"},"content":{"rendered":"\n<details class=\"wp-block-details is-layout-flow wp-block-details-is-layout-flow\"><summary><strong>Intervenants \/ Sous traitance<\/strong><\/summary>\n<p>L\u2019institut de formation accompagne ses \u00e9tudiants et \u00e9l\u00e8ves vers la professionnalisation. Cet accompagnement n\u00e9cessite d\u2019assurer des prestations de formation en pla\u00e7ant l\u2019apprenant au centre de l\u2019apprentissage.<\/p>\n\n\n\n<p>Les prestations de formation sont dispens\u00e9es par l\u2019\u00e9quipe p\u00e9dagogique de l&rsquo;IFSI IFAS ou par diff\u00e9rents professionnels de terrain exer\u00e7ant dans des \u00e9tablissements hospitaliers, m\u00e9dico sociaux et des associations.<\/p>\n\n\n\n<p>Ces derniers participent \u00e0 la formation des apprenants en tant qu&rsquo;intervenants afin de partager&nbsp;leurs savoirs faires et leurs expertises via l&rsquo;animation de cours magistraux, Travaux Dirig\u00e9s, etc.<\/p>\n\n\n\n<p>Dans le cadre de notre d\u00e9marche Qualit\u00e9, nous demandons aux intervenants de s\u2019engager dans le respect de notre \u00ab\u00a0Charte d&rsquo;engagement qualit\u00e9 de l&rsquo;intervenant\u00a0\u00bb et de la fiche de poste d\u00e9di\u00e9e..<\/p>\n\n\n\n<p>Cette charte permet de souligner les principes et les conditions \u00e0 r\u00e9unir pour assurer la rigueur m\u00e9thodologique des intervenants, la qualit\u00e9 du mat\u00e9riel p\u00e9dagogique et de bonnes conditions mat\u00e9rielles d\u2019intervention.&nbsp; Notre charte doit ainsi permettre d\u2019am\u00e9liorer la qualit\u00e9 des formations, tant dans l\u2019int\u00e9r\u00eat des personnels concern\u00e9s que dans celui du service rendu aux apprenants.<\/p>\n\n\n\n<p>Si vous souhaitez nous rejoindre, n&rsquo;h\u00e9sitez pas \u00e0 nous <a href=\"https:\/\/www.ifsi-clermont60.fr\/site\/index.php\/contacts\/\">contacter ici <\/a>!<\/p>\n<\/details>\n\n\n\n<details class=\"wp-block-details is-layout-flow wp-block-details-is-layout-flow\"><summary><strong>Partenariats financiers<\/strong><\/summary>\n<p>Depuis le 1er janvier 2005 et conform\u00e9ment \u00e0 la loi du 13 ao\u00fbt 2004 relative aux libert\u00e9s et responsabilit\u00e9s locales, les R\u00e9gions sont comp\u00e9tentes pour financer les formations sanitaires et sociales. <br><strong>La R\u00e9gion des Hauts-de-France<\/strong> finance la quasi-totalit\u00e9 des formations d\u2019infirmier et d\u2019aide-soignant de l\u2019IFSI\/IFAS de Clermont de l&rsquo;Oise, au regard de crit\u00e8res d&rsquo;\u00e9ligibilit\u00e9.<br>C\u2019est \u00e9galement aupr\u00e8s de la R\u00e9gion que les \u00e9tudiants et \u00e9l\u00e8ves peuvent obtenir une bourse d\u2019\u00e9tude.<br>Des partenariats de financement compl\u00e9mentaires peuvent se mettre en place entre la R\u00e9gion et France Travail.<\/p>\n\n\n\n<p><strong>Partenariats avec des entreprises<\/strong><br>La taxe d&rsquo;apprentissage est un imp\u00f4t obligatoire que doivent verser toutes les entreprises, d\u00e8s lors qu&rsquo;elles sont assujetties \u00e0 l&rsquo;imp\u00f4t sur les soci\u00e9t\u00e9s ou l&rsquo;imp\u00f4t sur le revenu. L&rsquo;IFSI\/IFAS de Clermont fait partie des structures de formation habilit\u00e9es \u00e0 percevoir la Taxe d\u2019Apprentissage qui peut lui \u00eatre vers\u00e9e par les entreprises ou soci\u00e9t\u00e9s industrielles&nbsp;:<br>Cat\u00e9gorie&nbsp;A (Niveau V et IV) pour la formation aide-soignant&nbsp;;<br>Cat\u00e9gorie B (Niveau III et II) pour la formation en soins infirmiers<\/p>\n<\/details>\n\n\n\n<p><strong>France Travail \/ Mission locales et OPCO (Transition Pro, ANFH, etc.)<\/strong><\/p>\n\n\n\n<details class=\"wp-block-details is-layout-flow wp-block-details-is-layout-flow\"><summary><strong>Partenariat institutionnel<\/strong><\/summary>\n<p>Les \u00e9tablissements constituant&nbsp;l&rsquo;EPSM de l&rsquo;Oise (CHI) sont plus que des partenaires. &nbsp;Ils repr\u00e9sentent&nbsp;une grande partie des terrains de stages.<\/p>\n\n\n\n<p>Des informations s\u2019\u00e9changent de mani\u00e8re continue entre l&rsquo;institut et les \u00e9tablissements constituant le CHI EPSM de l&rsquo;Oise, ce qui se manifeste, notamment, par un travail commun des cadres de sant\u00e9 formateurs avec les cadres des services de soins, ainsi qu&rsquo;une participation aux instances de l&rsquo;institut.<\/p>\n<\/details>\n\n\n\n<p>Mais aussi&#8230;<\/p>\n\n\n\n<ul class=\"wp-block-list\">\n<li><strong>La R\u00e9gion Hauts-de-France<\/strong>, qui subventionne l\u2019IFSI et qui participe \u00e0 l\u2019accompagnement des \u00e9tudiants et \u00e9l\u00e8ves notamment par l\u2019attribution de bourses r\u00e9gionales et du fond d\u2019aide d\u2019urgence (qui permet \u00e0 des \u00e9tudiants et \u00e9l\u00e8ves en difficult\u00e9 financi\u00e8res de poursuivre leurs \u00e9tudes), ainsi que le Pass&rsquo; R\u00e9gion pour certains \u00e9tudiants. Une bourse r\u00e9gionale de mobilit\u00e9 internationale est accord\u00e9e aux \u00e9tudiants dans le cadre de stages \u00e0 l&rsquo;\u00e9tranger.<\/li>\n\n\n\n<li>L\u2019<strong>&nbsp;Agence r\u00e9gionale de sant\u00e9<\/strong>&nbsp;qui pr\u00e9side diverses instances de fonctionnement de l\u2019institut.<\/li>\n\n\n\n<li>La&nbsp;<strong>Direction R\u00e9gionale de l&rsquo;\u00e9conomie, de l&#8217;emploi, du travail et des solidarit\u00e9s<\/strong>, qui assure la certification des \u00e9tudiants en fin de formation<\/li>\n\n\n\n<li>Les&nbsp;<strong>\u00e9tablissements hospitaliers et l\u2019ensemble des structures sanitaires et sociales<\/strong>, dont les professionnels accueillent les \u00e9tudiants et \u00e9l\u00e8ves en stage et participent \u00e0 la formation<\/li>\n\n\n\n<li>L<strong>&lsquo;universit\u00e9 de Picardie Jules Verne<\/strong>, aupr\u00e8s de laquelle les \u00e9tudiants infirmiers sont inscrits, leur d\u00e9livre le grade de licence \u00e0 la suite de l\u2019obtention du Dipl\u00f4me d\u2019Etat d\u2019Infirmier<\/li>\n\n\n\n<li>Des&nbsp;<strong>intervenants universitaires&nbsp;<\/strong>participent \u00e0 la formation des \u00e9tudiants et \u00e9l\u00e8ves<\/li>\n<\/ul>\n","protected":false},"excerpt":{"rendered":"<p>France Travail \/ Mission locales et OPCO (Transition Pro, ANFH, etc.) Mais aussi&#8230;<\/p>\n","protected":false},"author":2,"featured_media":0,"parent":0,"menu_order":0,"comment_status":"closed","ping_status":"closed","template":"","meta":{"footnotes":""},"class_list":["post-6007","page","type-page","status-publish","hentry"],"jetpack_sharing_enabled":true,"_links":{"self":[{"href":"https:\/\/www.ifsi-clermont60.fr\/site\/index.php\/wp-json\/wp\/v2\/pages\/6007","targetHints":{"allow":["GET"]}}],"collection":[{"href":"https:\/\/www.ifsi-clermont60.fr\/site\/index.php\/wp-json\/wp\/v2\/pages"}],"about":[{"href":"https:\/\/www.ifsi-clermont60.fr\/site\/index.php\/wp-json\/wp\/v2\/types\/page"}],"author":[{"embeddable":true,"href":"https:\/\/www.ifsi-clermont60.fr\/site\/index.php\/wp-json\/wp\/v2\/users\/2"}],"replies":[{"embeddable":true,"href":"https:\/\/www.ifsi-clermont60.fr\/site\/index.php\/wp-json\/wp\/v2\/comments?post=6007"}],"version-history":[{"count":13,"href":"https:\/\/www.ifsi-clermont60.fr\/site\/index.php\/wp-json\/wp\/v2\/pages\/6007\/revisions"}],"predecessor-version":[{"id":6394,"href":"https:\/\/www.ifsi-clermont60.fr\/site\/index.php\/wp-json\/wp\/v2\/pages\/6007\/revisions\/6394"}],"wp:attachment":[{"href":"https:\/\/www.ifsi-clermont60.fr\/site\/index.php\/wp-json\/wp\/v2\/media?parent=6007"}],"curies":[{"name":"wp","href":"https:\/\/api.w.org\/{rel}","templated":true}]}}