{"id":5891,"date":"2025-10-24T11:00:03","date_gmt":"2025-10-24T09:00:03","guid":{"rendered":"https:\/\/www.ifsi-clermont60.fr\/site\/?page_id=5891"},"modified":"2026-03-20T10:29:52","modified_gmt":"2026-03-20T09:29:52","slug":"selection-formation-professionnelle-continue-fpc","status":"publish","type":"page","link":"https:\/\/www.ifsi-clermont60.fr\/site\/index.php\/selection-formation-professionnelle-continue-fpc\/","title":{"rendered":"Via S\u00e9lection &amp; Formation Professionnelle Continue (FPC)"},"content":{"rendered":"\n<p class=\"has-vivid-purple-color has-text-color has-link-color wp-elements-70deeb1286c970dc8a31298ef146d044\"><mark style=\"background-color:rgba(0, 0, 0, 0)\" class=\"has-inline-color has-black-color\"><strong>Vous \u00eates:<\/strong><br><strong>\u25ba En reconversion professionnelle,<br>\u25ba En Promotion Professionnelle<\/strong> (vous avez un employeur qui vous finance)<\/mark>,<\/p>\n\n\n\n<div class=\"wp-block-buttons is-layout-flex wp-block-buttons-is-layout-flex\">\n<div class=\"wp-block-button has-custom-width wp-block-button__width-100\"><a class=\"wp-block-button__link wp-element-button\" style=\"border-top-left-radius:0px;border-top-right-radius:0px;border-bottom-left-radius:0px;border-bottom-right-radius:0px;padding-top:var(--wp--preset--spacing--20);padding-right:var(--wp--preset--spacing--30);padding-bottom:var(--wp--preset--spacing--20);padding-left:var(--wp--preset--spacing--30)\">S\u00e9lection pour la rentr\u00e9e de septembre 2026 cl\u00f4tur\u00e9e au 05\/02\/2026<\/a><\/div>\n<\/div>\n\n\n\n<figure class=\"wp-block-table is-style-regular\"><table><thead><tr><th><mark style=\"background-color:rgba(0, 0, 0, 0)\" class=\"has-inline-color has-black-color\">Pour acc\u00e9der \u00e0 la formation d&rsquo;infirmier en formation professionnelle continue, il est n\u00e9cessaire de : &nbsp;<\/mark><\/th><\/tr><\/thead><tbody><tr><td><mark style=\"background-color:rgba(0, 0, 0, 0)\" class=\"has-inline-color has-black-color\">S\u2019inscrire aux \u00e9preuves de s\u00e9lection IFSI selon les modalit\u00e9s d&rsquo;inscription <em>(voir ci dessous)<\/em><\/mark><\/td><\/tr><tr><td><mark style=\"background-color:rgba(0, 0, 0, 0)\" class=\"has-inline-color has-black-color\">Justifier d\u2019une dur\u00e9e minimum de <strong>3 ans de cotisation<\/strong> (cons\u00e9cutif ou non et sur toute la dur\u00e9e de la carri\u00e8re) \u00e0 un r\u00e9gime de protection sociale au plus tard \u00e0 la date d\u2019inscription&nbsp;aux \u00e9preuves de s\u00e9lection;<\/mark><\/td><\/tr><tr><td><mark style=\"background-color:rgba(0, 0, 0, 0)\" class=\"has-inline-color has-black-color\">S&rsquo;acquitter du droit d\u2019inscription aux \u00e9preuves de&nbsp;s\u00e9lection.<\/mark> <em>(70\u20ac (tarif 2025)<\/em><\/td><\/tr><\/tbody><\/table><\/figure>\n\n\n\n<figure class=\"wp-block-table is-style-regular\"><table class=\"has-fixed-layout\"><thead><tr><th class=\"has-text-align-center\" data-align=\"center\"><strong>Dossier d&rsquo;inscription<\/strong><\/th><th class=\"has-text-align-center\" data-align=\"center\"><strong>Calendrier de s\u00e9lection<\/strong><\/th><\/tr><\/thead><tbody><tr><td class=\"has-text-align-center\" data-align=\"center\">&nbsp;<strong>Envoi d&rsquo;un seul dossier dans un seul IFSI<mark style=\"background-color:rgba(0, 0, 0, 0)\" class=\"has-inline-color has-vivid-purple-color\"><br><\/mark><\/strong>du regroupement des Hauts de France Versant Sud&nbsp;par le candidat.<br><br>&nbsp;Le&nbsp;<strong>candidat note,<\/strong>&nbsp;sur la fiche d\u2019identification, obligatoirement&nbsp;<strong>par ordre de ses pr\u00e9f\u00e9rences,&nbsp;TOUS les instituts&nbsp;<\/strong>de formation du regroupement en utilisant<strong><mark style=\"background-color:rgba(0, 0, 0, 0)\" class=\"has-inline-color has-vivid-purple-color\"><br><\/mark><\/strong>le \u00a0\u00bb CODE \u00a0\u00bb de chacun des IFSI<\/td><td class=\"has-text-align-center\" data-align=\"center\"><strong><mark style=\"background-color:rgba(0, 0, 0, 0)\" class=\"has-inline-color has-luminous-vivid-orange-color\">P\u00e9riode d&rsquo;inscription<\/mark><br><\/strong>Du 05 Janvier 2026 au 05 f\u00e9vrier 2026<br>(cachet de la poste faisant foi)<strong><br>&#8212;&#8212;&#8212;&#8212;&#8212;&#8212;&#8212;&#8212;&#8212;&#8212;-<br><mark style=\"background-color:rgba(0, 0, 0, 0)\" class=\"has-inline-color has-luminous-vivid-orange-color\">Epreuves de s\u00e9lection<\/mark><br><\/strong>Epreuve orale : 09 et 10 mars 2026<br>Epreuve \u00e9crite : Mercredi 11 mars 2026 <strong><br><strong>&#8212;&#8212;&#8212;&#8212;&#8212;&#8212;&#8212;&#8212;&#8212;&#8212;-<br><\/strong><mark style=\"background-color:rgba(0, 0, 0, 0)\" class=\"has-inline-color has-luminous-vivid-orange-color\">R\u00e9sultats<\/mark><br><\/strong>Mercredi 25 Mars 2026 \u00e0 10h<\/td><\/tr><\/tbody><\/table><figcaption class=\"wp-element-caption\"><strong>Le jour et l\u2019heure de la convocation \u00e0 l\u2019entretien ne peuvent pas \u00eatre modifi\u00e9s<\/strong><\/figcaption><\/figure>\n\n\n\n<p class=\"has-luminous-vivid-orange-color has-text-color has-link-color has-medium-font-size wp-elements-d339266c666714631074af3da69400af\"><strong>1. <mark style=\"background-color:rgba(0, 0, 0, 0)\" class=\"has-inline-color has-luminous-vivid-orange-color\">Modalit\u00e9s d&rsquo;inscription pour les \u00e9preuves de s\u00e9lection<\/mark><\/strong><\/p>\n\n\n\n<p>\u25ba Une seule p\u00e9riode d\u2019inscription pour tous les IFSI du regroupement des Hauts de France<br>Versant Sud.<br>\u25ba<strong>Un seul dossier<\/strong> dans un seul IFSI du regroupement des Hauts de France Versant Sud est \u00e0 d\u00e9poser ou \u00e0 envoyer par le candidat. <em>(Frais d&rsquo;inscription \u00e0 la s\u00e9lection <strong>70\u20ac<\/strong> (tarif 2025)<\/em><br>\u25ba Tout dossier incomplet \u00e0 la date de cl\u00f4ture des inscriptions ne sera pas pris en compte (cachet de la poste faisant foi)<\/p>\n\n\n\n<hr class=\"wp-block-separator has-css-opacity\"\/>\n\n\n\n<p class=\"has-luminous-vivid-orange-color has-text-color has-medium-font-size\"><strong>2. \u00c9preuves de s\u00e9lection<\/strong> ( Une \u00e9preuve \u00e9crite et un oral)<\/p>\n\n\n\n<figure class=\"wp-block-table aligncenter\"><table class=\"has-fixed-layout\"><thead><tr><th class=\"has-text-align-center\" data-align=\"center\"><strong>Une \u00e9preuve de s\u00e9lection \u00e9crite<br><\/strong><em><strong>(not\u00e9e sur 20) <\/strong><\/em><\/th><th class=\"has-text-align-center\" data-align=\"center\"><strong>Un entretien <br><\/strong><em><strong>(not\u00e9 sur 20) <\/strong><\/em><\/th><\/tr><\/thead><tbody><tr><td class=\"has-text-align-center\" data-align=\"center\">Une sous \u00e9preuve de r\u00e9daction et\/ou de r\u00e9ponses \u00e0 des questions dans le domaine sanitaire et social<br>Dur\u00e9e: 30 minutes<br>(not\u00e9e sur 10)<\/td><td class=\"has-text-align-center\" data-align=\"center\">Un entretien portant sur votre exp\u00e9rience professionnelle .<br>Il s\u2019appuie sur les \u00e9l\u00e9ments que vous avez apport\u00e9 dans votre dossier d\u2019inscription.<\/td><\/tr><tr><td class=\"has-text-align-center\" data-align=\"center\">Une sous \u00e9preuve de calculs simples Dur\u00e9e: 30 minutes<br>(not\u00e9e sur 10)<\/td><td class=\"has-text-align-center\" data-align=\"center\"><em>Dur\u00e9e: 20 minutes <br><\/em>(not\u00e9 sur 20)<\/td><\/tr><\/tbody><\/table><\/figure>\n\n\n\n<p class=\"has-text-align-center has-vivid-red-color has-text-color has-link-color wp-elements-5f0f7d019f991d1cf762a9f4a438c8df\"><strong>Une note inf\u00e9rieure \u00e0 8\/20 \u00e0 l\u2019une des deux \u00e9preuves est \u00e9liminatoire.<\/strong><\/p>\n\n\n\n<p class=\"has-text-align-left\">Aucun r\u00e9sultat n\u2019est communiqu\u00e9 par t\u00e9l\u00e9phone.<strong><br><\/strong>Le candidat est personnellement inform\u00e9 par courrier postal et par courriel de ses r\u00e9sultats conjointement \u00e0 l&rsquo;affichage et dans les jours qui suivent l\u2019affichage.<strong><br><\/strong>Si vous \u00eates admis, vous devez, dans les <strong>dix jours<\/strong> qui suivent l\u2019affichage des r\u00e9sultats, confirmer votre entr\u00e9e en formation par mail ou par courrier postal (Cachet de la poste faisant foi).<strong><br>Pass\u00e9 ce d\u00e9lai,  les candidats qui ne se sont pas manifest\u00e9s seront pr\u00e9sum\u00e9s avoir<br>renonc\u00e9 au b\u00e9n\u00e9fice des \u00e9preuves de s\u00e9lection.<\/strong><\/p>\n\n\n\n<p class=\"has-medium-font-size\"><strong><br><mark style=\"background-color:rgba(0, 0, 0, 0)\" class=\"has-inline-color has-luminous-vivid-orange-color\">3. ADMISSION<\/mark><mark style=\"background-color:rgba(0, 0, 0, 0)\" class=\"has-inline-color has-vivid-purple-color\"> <\/mark><\/strong><\/p>\n\n\n\n<p class=\"has-text-align-center\">Les r\u00e9sultats des \u00e9preuves de s\u00e9lection ne sont valables que pour l\u2019ann\u00e9e universitaire de l\u2019ann\u00e9e pour laquelle le candidat a \u00e9t\u00e9 admis.<\/p>\n\n\n\n<p>Par d\u00e9rogation, le Directeur de l\u2019\u00e9tablissement accorde pour une dur\u00e9e qu\u2019il d\u00e9termine, dans la limite cumul\u00e9e de trois ans, un report pour l\u2019entr\u00e9e en scolarit\u00e9 dans son \u00e9tablissement :<br>\u25ba De droit en cas de cong\u00e9 pour cause de maternit\u00e9, de rejet du b\u00e9n\u00e9fice de la promotion<br>professionnelle ou sociale, de rejet d\u2019une demande de cong\u00e9 de formation, de rejet d\u2019une demande de mise en disponibilit\u00e9 ou pour la garde d\u2019un enfant de moins de quatre ans ;<br>\u25baDe fa\u00e7on exceptionnelle, sur la base des \u00e9l\u00e9ments apport\u00e9s par l\u2019\u00e9tudiant justifiant de la<br>survenance d\u2019un \u00e9v\u00e8nement grave l\u2019emp\u00eachant d\u2019initier sa formation.<\/p>\n\n\n\n<p class=\"has-text-align-center\"><br><strong>Toute personne ayant b\u00e9n\u00e9fici\u00e9 d\u2019un report d\u2019admission doit, six mois avant la date de rentr\u00e9e, confirmer par courrier son intention de reprendre sa scolarit\u00e9 \u00e0 la rentr\u00e9e suivante.<\/strong><\/p>\n\n\n\n<p class=\"has-text-align-center\"><strong>Pass\u00e9 ce d\u00e9lai,  les candidats qui ne se sont pas manifest\u00e9s, seront pr\u00e9sum\u00e9s avoir<br>renonc\u00e9 au b\u00e9n\u00e9fice des \u00e9preuves de s\u00e9lection.<\/strong><\/p>\n\n\n\n<hr class=\"wp-block-separator has-alpha-channel-opacity\"\/>\n\n\n\n<figure class=\"wp-block-table is-style-stripes\"><table class=\"has-fixed-layout\"><tbody><tr><td><strong>Attention \u00e0 anticiper la prise en charge financi\u00e8re<\/strong> de vos \u00e9tudes avant l\u2019admission<br> car le montant est de 8 100\u20ac par ann\u00e9e de formation <em>(soit 24 300\u20ac pour les 3 ans<\/em> &#8211; hors redoublement). <br><br>Vous \u00eates \u00e9ligible \u00e0 la prise en charge de la formation si:<br>&#8211;  Vous avez un employeur ou organisme (OPCO) financeur<br>&#8211; Vous \u00eates inscrits \u00e0 France Travail avant la cl\u00f4ture des inscriptions \u00e0 la s\u00e9lection<br>&#8211; Vous \u00eates salari\u00e9(e) d\u00e9missionnaire d&rsquo;un CDI de plus de 87heures\/mois et que votre premier rendez-vous avec votre conseiller en \u00e9volution professionnelle (dans le dispositif \u00ab\u00a0d\u00e9mission-reconversion\u00a0\u00bb), a eu lieu avant la date de cl\u00f4ture des inscriptions<\/td><\/tr><\/tbody><\/table><\/figure>\n\n\n\n<p class=\"has-text-align-center has-vivid-red-color has-text-color has-link-color wp-elements-64e750060dc1c484aae26938edcc6da9\"><mark style=\"background-color:rgba(0, 0, 0, 0);color:#0709e3\" class=\"has-inline-color\"><br><\/mark><strong>ATTENTION<\/strong> &#8211; Le statut pris en compte par la R\u00e9gion Hauts de France pour d\u00e9terminer votre \u00e9ligibilit\u00e9 au financement r\u00e9gional est celui que vous renseignez \u00e0 la date de cl\u00f4ture des inscriptions \u00e0 la s\u00e9lection. <strong><mark style=\"background-color:rgba(0, 0, 0, 0)\" class=\"has-inline-color has-vivid-purple-color\"><br><\/mark>Soit, pour 2026, votre statut personnel au plus tard le 02\/2026<\/strong>.<\/p>\n\n\n\n<div class=\"wp-block-buttons is-content-justification-center is-layout-flex wp-container-core-buttons-is-layout-16018d1d wp-block-buttons-is-layout-flex\">\n<div class=\"wp-block-button is-style-outline is-style-outline--1\"><a class=\"wp-block-button__link has-vivid-cyan-blue-color has-text-color has-link-color wp-element-button\" href=\"https:\/\/www.ifsi-clermont60.fr\/site\/wp-content\/uploads\/2025\/10\/Cadre-dintervention-2025-public-eligible-au-financement-des-formations-sanitaires-et-sociales.pdf\" target=\"_blank\" rel=\"noreferrer noopener\">Prise en charge par la R\u00e9gion<\/a><\/div>\n<\/div>\n\n\n\n<p><strong><mark style=\"background-color:rgba(0, 0, 0, 0);color:#0a05df\" class=\"has-inline-color\">4 &#8211; RESSORTISSANTS ETRANGERS<\/mark><\/strong><\/p>\n\n\n\n<p>Les ressortissants \u00e9trangers sont admis en formation <strong>\u00e0 condition <\/strong>de b\u00e9n\u00e9ficier d\u2019un titre de s\u00e9jour qui les autorise \u00e0 travailler en France. Le titre de s\u00e9jour court sur une certaine dur\u00e9e et il peut \u00eatre renouvel\u00e9.<\/p>\n\n\n\n<p>Plusieurs situations peuvent se pr\u00e9senter conditionnant l\u2019entr\u00e9e en formation. <\/p>\n\n\n\n<p>Vous retrouverez ces diff\u00e9rentes situations dans le tableau ci-apr\u00e8s&nbsp;:<\/p>\n\n\n<div class=\"wp-block-image\">\n<figure data-wp-context=\"{&quot;imageId&quot;:&quot;69edf8e316a01&quot;}\" data-wp-interactive=\"core\/image\" data-wp-key=\"69edf8e316a01\" class=\"aligncenter size-large wp-lightbox-container\"><img fetchpriority=\"high\" decoding=\"async\" width=\"1024\" height=\"510\" data-wp-class--hide=\"state.isContentHidden\" data-wp-class--show=\"state.isContentVisible\" data-wp-init=\"callbacks.setButtonStyles\" data-wp-on--click=\"actions.showLightbox\" data-wp-on--load=\"callbacks.setButtonStyles\" data-wp-on-window--resize=\"callbacks.setButtonStyles\" src=\"https:\/\/www.ifsi-clermont60.fr\/site\/wp-content\/uploads\/2024\/03\/image-12-1024x510.png\" alt=\"\" class=\"wp-image-4678\" srcset=\"https:\/\/www.ifsi-clermont60.fr\/site\/wp-content\/uploads\/2024\/03\/image-12-1024x510.png 1024w, https:\/\/www.ifsi-clermont60.fr\/site\/wp-content\/uploads\/2024\/03\/image-12-300x149.png 300w, https:\/\/www.ifsi-clermont60.fr\/site\/wp-content\/uploads\/2024\/03\/image-12-768x382.png 768w, https:\/\/www.ifsi-clermont60.fr\/site\/wp-content\/uploads\/2024\/03\/image-12.png 1302w\" sizes=\"(max-width: 1024px) 100vw, 1024px\" \/><button\n\t\t\tclass=\"lightbox-trigger\"\n\t\t\ttype=\"button\"\n\t\t\taria-haspopup=\"dialog\"\n\t\t\taria-label=\"Agrandir\"\n\t\t\tdata-wp-init=\"callbacks.initTriggerButton\"\n\t\t\tdata-wp-on--click=\"actions.showLightbox\"\n\t\t\tdata-wp-style--right=\"state.imageButtonRight\"\n\t\t\tdata-wp-style--top=\"state.imageButtonTop\"\n\t\t>\n\t\t\t<svg xmlns=\"http:\/\/www.w3.org\/2000\/svg\" width=\"12\" height=\"12\" fill=\"none\" viewBox=\"0 0 12 12\">\n\t\t\t\t<path fill=\"#fff\" d=\"M2 0a2 2 0 0 0-2 2v2h1.5V2a.5.5 0 0 1 .5-.5h2V0H2Zm2 10.5H2a.5.5 0 0 1-.5-.5V8H0v2a2 2 0 0 0 2 2h2v-1.5ZM8 12v-1.5h2a.5.5 0 0 0 .5-.5V8H12v2a2 2 0 0 1-2 2H8Zm2-12a2 2 0 0 1 2 2v2h-1.5V2a.5.5 0 0 0-.5-.5H8V0h2Z\" \/>\n\t\t\t<\/svg>\n\t\t<\/button><\/figure>\n<\/div>\n\n\n<p>Nous v\u00e9rifierons votre situation et nous ne pourrons pas vous accepter en formation si votre titre de s\u00e9jour n&rsquo;est pas conforme.<\/p>\n","protected":false},"excerpt":{"rendered":"<p>Vous \u00eates:\u25ba En reconversion professionnelle,\u25ba En Promotion Professionnelle (vous avez un employeur qui vous finance), Pour acc\u00e9der \u00e0 la formation d&rsquo;infirmier en formation professionnelle continue, il est n\u00e9cessaire de :&hellip;<\/p>\n","protected":false},"author":2,"featured_media":0,"parent":0,"menu_order":0,"comment_status":"closed","ping_status":"closed","template":"","meta":{"footnotes":""},"class_list":["post-5891","page","type-page","status-publish","hentry"],"jetpack_sharing_enabled":true,"_links":{"self":[{"href":"https:\/\/www.ifsi-clermont60.fr\/site\/index.php\/wp-json\/wp\/v2\/pages\/5891","targetHints":{"allow":["GET"]}}],"collection":[{"href":"https:\/\/www.ifsi-clermont60.fr\/site\/index.php\/wp-json\/wp\/v2\/pages"}],"about":[{"href":"https:\/\/www.ifsi-clermont60.fr\/site\/index.php\/wp-json\/wp\/v2\/types\/page"}],"author":[{"embeddable":true,"href":"https:\/\/www.ifsi-clermont60.fr\/site\/index.php\/wp-json\/wp\/v2\/users\/2"}],"replies":[{"embeddable":true,"href":"https:\/\/www.ifsi-clermont60.fr\/site\/index.php\/wp-json\/wp\/v2\/comments?post=5891"}],"version-history":[{"count":12,"href":"https:\/\/www.ifsi-clermont60.fr\/site\/index.php\/wp-json\/wp\/v2\/pages\/5891\/revisions"}],"predecessor-version":[{"id":6532,"href":"https:\/\/www.ifsi-clermont60.fr\/site\/index.php\/wp-json\/wp\/v2\/pages\/5891\/revisions\/6532"}],"wp:attachment":[{"href":"https:\/\/www.ifsi-clermont60.fr\/site\/index.php\/wp-json\/wp\/v2\/media?parent=5891"}],"curies":[{"name":"wp","href":"https:\/\/api.w.org\/{rel}","templated":true}]}}