{"id":5886,"date":"2025-10-24T10:28:56","date_gmt":"2025-10-24T08:28:56","guid":{"rendered":"https:\/\/www.ifsi-clermont60.fr\/site\/?page_id=5886"},"modified":"2026-02-18T13:00:46","modified_gmt":"2026-02-18T12:00:46","slug":"parcoursup","status":"publish","type":"page","link":"https:\/\/www.ifsi-clermont60.fr\/site\/index.php\/parcoursup\/","title":{"rendered":"Via PARCOURSUP"},"content":{"rendered":"\n<p><strong>Modalit\u00e9s<br>Dates cl\u00e9s<br>Inscription<br>Admission<br>Ressortissants \u00e9trangers<br>Rapport public Parcoursup<\/strong><\/p>\n\n\n<div class=\"wp-block-image is-resized\">\n<figure class=\"aligncenter size-full\"><img fetchpriority=\"high\" decoding=\"async\" width=\"585\" height=\"139\" src=\"https:\/\/www.ifsi-clermont60.fr\/site\/wp-content\/uploads\/2022\/02\/image-22.png\" alt=\"\" class=\"wp-image-2412\" style=\"width:366px;height:auto\" srcset=\"https:\/\/www.ifsi-clermont60.fr\/site\/wp-content\/uploads\/2022\/02\/image-22.png 585w, https:\/\/www.ifsi-clermont60.fr\/site\/wp-content\/uploads\/2022\/02\/image-22-300x71.png 300w\" sizes=\"(max-width: 585px) 100vw, 585px\" \/><figcaption class=\"wp-element-caption\"><a href=\"https:\/\/www.parcoursup.gouv.fr\/\">Cliquez ici pour acc\u00e9der au site Parcoursup<\/a><\/figcaption><\/figure>\n<\/div>\n\n\n<p class=\"has-text-align-left has-black-color has-text-color has-link-color wp-elements-4891b63be29dcd4b731a13a1fba2534e\"><mark style=\"background-color:rgba(0, 0, 0, 0)\" class=\"has-inline-color has-black-color\">\u25ba Vous \u00eates en terminale et aurez 17 ans au plus tard au 31 d\u00e9cembre de l\u2019ann\u00e9e d\u2019entr\u00e9e en formation,&nbsp;<br>\u25ba Vous \u00eates titulaire du baccalaur\u00e9at et vous souhaitez reprendre des \u00e9tudes,<br>\u25ba Vous \u00eates d\u00e9j\u00e0 \u00e9tudiant et souhaitez vous r\u00e9orienter vers les \u00e9tudes de soins infirmiers,<br><br>Il est n\u00e9cessaire de s\u2019inscrire sur la plateforme <strong>PARCOURSUP<\/strong><mark style=\"background-color:rgba(0, 0, 0, 0)\" class=\"has-inline-color has-black-color\">(<a href=\"https:\/\/dossier.parcoursup.fr\/Candidat\/authentification\">Cliquez ici<\/a>)<\/mark> selon le calendrier ci-dessous:<\/mark><\/p>\n\n\n\n<div class=\"wp-block-columns is-layout-flex wp-container-core-columns-is-layout-9d6595d7 wp-block-columns-is-layout-flex\">\n<div class=\"wp-block-column is-layout-flow wp-block-column-is-layout-flow\"><div class=\"wp-block-image\">\n<figure class=\"aligncenter size-full is-resized\"><img decoding=\"async\" width=\"543\" height=\"780\" src=\"https:\/\/www.ifsi-clermont60.fr\/site\/wp-content\/uploads\/2025\/10\/image-9.png\" alt=\"\" class=\"wp-image-5819\" style=\"width:379px;height:auto\" srcset=\"https:\/\/www.ifsi-clermont60.fr\/site\/wp-content\/uploads\/2025\/10\/image-9.png 543w, https:\/\/www.ifsi-clermont60.fr\/site\/wp-content\/uploads\/2025\/10\/image-9-209x300.png 209w\" sizes=\"(max-width: 543px) 100vw, 543px\" \/><figcaption class=\"wp-element-caption\"><mark style=\"background-color:rgba(0, 0, 0, 0)\" class=\"has-inline-color has-black-color\">(<a href=\"https:\/\/www.parcoursup.gouv.fr\/sites\/default\/files\/database\/documents\/2025-10\/def-psup-livret-4p-a4-07-pdf-805.pdf\" target=\"_blank\" rel=\"noreferrer noopener\">Cliquez ici<\/a> pour agrandir)<\/mark><\/figcaption><\/figure>\n<\/div><\/div>\n\n\n\n<div class=\"wp-block-column is-layout-flow wp-block-column-is-layout-flow\">\n<figure class=\"wp-block-embed is-type-video is-provider-youtube wp-block-embed-youtube wp-embed-aspect-16-9 wp-has-aspect-ratio\"><div class=\"wp-block-embed__wrapper\">\n<iframe title=\"Parcoursup 2025 : comment cr\u00e9er son dossier candidat\" width=\"500\" height=\"281\" src=\"https:\/\/www.youtube.com\/embed\/wHWr3xn24YE?feature=oembed\" frameborder=\"0\" allow=\"accelerometer; autoplay; clipboard-write; encrypted-media; gyroscope; picture-in-picture; web-share\" referrerpolicy=\"strict-origin-when-cross-origin\" allowfullscreen><\/iframe>\n<\/div><\/figure>\n<\/div>\n<\/div>\n\n\n\n<p class=\"has-black-color has-text-color has-link-color has-medium-font-size wp-elements-509166bfab6681c5efa1d9a888616645\"><strong><mark style=\"background-color:rgba(0, 0, 0, 0)\" class=\"has-inline-color has-black-color\">ADMISSION <\/mark><\/strong><\/p>\n\n\n\n<p class=\"has-text-align-center has-vivid-red-color has-text-color has-link-color wp-elements-e7159ba57523b786570163dd4556e018\">Votre admission sera d\u00e9finitive uniquement apr\u00e8s l\u2019envoi de votre dossier administratif <strong>complet <\/strong>apr\u00e8s acceptation de votre v\u0153ux Parcoursup et <strong>avant la date butoir<\/strong> indiqu\u00e9e (cachet de la poste faisant foi)<\/p>\n\n\n\n<p class=\"has-text-align-center\">La s\u00e9lection Parcoursup n&rsquo;est valable que pour l\u2019ann\u00e9e universitaire de l\u2019ann\u00e9e pour laquelle le candidat a \u00e9t\u00e9 admis.<\/p>\n\n\n\n<p>Par d\u00e9rogation, le Directeur de l\u2019\u00e9tablissement accorde pour une dur\u00e9e qu\u2019il d\u00e9termine, dans la limite cumul\u00e9e de trois ans, un report pour l\u2019entr\u00e9e en scolarit\u00e9 dans son \u00e9tablissement :<br>\u25ba De droit en cas de cong\u00e9 pour cause de maternit\u00e9, de rejet du b\u00e9n\u00e9fice de la promotion<br>professionnelle ou sociale, de rejet d\u2019une demande de cong\u00e9 de formation, de rejet d\u2019une demande de mise en disponibilit\u00e9 ou pour la garde d\u2019un enfant de moins de quatre ans ;<br>\u25baDe fa\u00e7on exceptionnelle, sur la base des \u00e9l\u00e9ments apport\u00e9s par l\u2019\u00e9tudiant justifiant de la<br>survenance d\u2019un \u00e9v\u00e8nement grave l\u2019emp\u00eachant d\u2019initier sa formation.<\/p>\n\n\n\n<p class=\"has-text-align-center\"><strong>Toute personne ayant b\u00e9n\u00e9fici\u00e9 d\u2019un report d\u2019admission doit, six mois avant la date de rentr\u00e9e, confirmer par courrier son intention de reprendre sa scolarit\u00e9 \u00e0 la rentr\u00e9e suivante.<\/strong><\/p>\n\n\n\n<p class=\"has-text-align-center\"><strong>Pass\u00e9 ce d\u00e9lai,  les candidats qui ne se sont pas manifest\u00e9s, seront pr\u00e9sum\u00e9s avoir<br>renonc\u00e9 au b\u00e9n\u00e9fice des \u00e9preuves de s\u00e9lection.<\/strong><\/p>\n\n\n\n<hr class=\"wp-block-separator has-alpha-channel-opacity\"\/>\n\n\n\n<figure class=\"wp-block-table is-style-stripes\"><table class=\"has-fixed-layout\"><tbody><tr><td><strong>TARIFS:<br><\/strong>Si vous n&rsquo;\u00eates pas en poursuite d&rsquo;\u00e9tudes (reconversion) Attention \u00e0 anticiper la prise en charge financi\u00e8re de vos \u00e9tudes avant l\u2019admission car le co\u00fbt de la formation est de 8 100\u20ac par ann\u00e9e de formation <em>(soit 24 300\u20ac pour les 3 ans<\/em> &#8211; hors redoublement). <a href=\"https:\/\/dossier.parcoursup.fr\/Candidats\/public\/fiches\/afficherFicheFormation?g_ta_cod=23079&amp;typeBac=0&amp;originePc=0\" target=\"_blank\" rel=\"noreferrer noopener\">Voir tarifs ici.<\/a><br><br>Vous \u00eates \u00e9ligible \u00e0 la prise en charge de la formation si:<br>&#8211; Vous avez un employeur ou organisme (OPCO) financeur<br>&#8211; Vous \u00eates en poursuite de scolarit\u00e9<br>&#8211; Vous \u00eates inscrits \u00e0 France Travail <strong>avant <\/strong>la cl\u00f4ture de Parcoursup<br>&#8211; Vous \u00eates salari\u00e9(e) d\u00e9missionnaire d&rsquo;un CDI de plus de 87heures\/mois et que vous avez r\u00e9alis\u00e9 votre premier rendez-vous avec votre conseiller en \u00e9volution professionnelle (dans le dispositif \u00ab\u00a0d\u00e9mission-reconversion\u00a0\u00bb) <strong>avant <\/strong>la date de cl\u00f4ture des inscriptions<\/td><\/tr><\/tbody><\/table><\/figure>\n\n\n\n<p class=\"has-text-align-center has-vivid-red-color has-text-color has-link-color wp-elements-3a12bafdcb2e744d42a52e95198e6514\"> <strong>ATTENTION<\/strong>. Le statut pris en compte pour d\u00e9terminer votre \u00e9ligibilit\u00e9 au financement r\u00e9gional est celui que vous renseignez \u00e0 la date de cl\u00f4ture des inscriptions Parcoursup.<strong><mark style=\"background-color:rgba(0, 0, 0, 0)\" class=\"has-inline-color has-vivid-purple-color\"><br><\/mark>Soit, pour 2026, votre statut personnel au plus tard le 01\/04\/2026<\/strong><\/p>\n\n\n\n<div class=\"wp-block-buttons is-content-justification-center is-layout-flex wp-container-core-buttons-is-layout-16018d1d wp-block-buttons-is-layout-flex\">\n<div class=\"wp-block-button is-style-outline is-style-outline--1\"><a class=\"wp-block-button__link has-vivid-cyan-blue-color has-white-background-color has-text-color has-background has-link-color wp-element-button\" href=\"https:\/\/www.ifsi-clermont60.fr\/site\/wp-content\/uploads\/2025\/10\/Cadre-dintervention-2025-public-eligible-au-financement-des-formations-sanitaires-et-sociales.pdf\" target=\"_blank\" rel=\"noreferrer noopener\">Prise en charge par la R\u00e9gion<\/a><\/div>\n<\/div>\n\n\n\n<hr class=\"wp-block-separator has-alpha-channel-opacity\"\/>\n\n\n\n<p><strong><mark style=\"background-color:rgba(0, 0, 0, 0)\" class=\"has-inline-color has-black-color\">RESSORTISSANTS ETRANGERS<\/mark><\/strong><\/p>\n\n\n\n<p>Les ressortissants \u00e9trangers sont admis en formation <strong>\u00e0 condition <\/strong>de b\u00e9n\u00e9ficier d\u2019un titre de s\u00e9jour en cours de validit\u00e9 qui les autorise \u00e0 travailler en France. Le titre de s\u00e9jour court sur une certaine dur\u00e9e et il peut \u00eatre renouvel\u00e9.<br>Plusieurs situations peuvent se pr\u00e9senter conditionnant l\u2019entr\u00e9e en formation.<br>Vous retrouverez ces diff\u00e9rentes situations dans le tableau ci-apr\u00e8s:<\/p>\n\n\n<div class=\"wp-block-image\">\n<figure data-wp-context=\"{&quot;imageId&quot;:&quot;69ee0ff3abd13&quot;}\" data-wp-interactive=\"core\/image\" data-wp-key=\"69ee0ff3abd13\" class=\"aligncenter size-large wp-lightbox-container\"><img decoding=\"async\" width=\"1024\" height=\"510\" data-wp-class--hide=\"state.isContentHidden\" data-wp-class--show=\"state.isContentVisible\" data-wp-init=\"callbacks.setButtonStyles\" data-wp-on--click=\"actions.showLightbox\" data-wp-on--load=\"callbacks.setButtonStyles\" data-wp-on-window--resize=\"callbacks.setButtonStyles\" src=\"https:\/\/www.ifsi-clermont60.fr\/site\/wp-content\/uploads\/2024\/03\/image-12-1024x510.png\" alt=\"\" class=\"wp-image-4678\" srcset=\"https:\/\/www.ifsi-clermont60.fr\/site\/wp-content\/uploads\/2024\/03\/image-12-1024x510.png 1024w, https:\/\/www.ifsi-clermont60.fr\/site\/wp-content\/uploads\/2024\/03\/image-12-300x149.png 300w, https:\/\/www.ifsi-clermont60.fr\/site\/wp-content\/uploads\/2024\/03\/image-12-768x382.png 768w, https:\/\/www.ifsi-clermont60.fr\/site\/wp-content\/uploads\/2024\/03\/image-12.png 1302w\" sizes=\"(max-width: 1024px) 100vw, 1024px\" \/><button\n\t\t\tclass=\"lightbox-trigger\"\n\t\t\ttype=\"button\"\n\t\t\taria-haspopup=\"dialog\"\n\t\t\taria-label=\"Agrandir\"\n\t\t\tdata-wp-init=\"callbacks.initTriggerButton\"\n\t\t\tdata-wp-on--click=\"actions.showLightbox\"\n\t\t\tdata-wp-style--right=\"state.imageButtonRight\"\n\t\t\tdata-wp-style--top=\"state.imageButtonTop\"\n\t\t>\n\t\t\t<svg xmlns=\"http:\/\/www.w3.org\/2000\/svg\" width=\"12\" height=\"12\" fill=\"none\" viewBox=\"0 0 12 12\">\n\t\t\t\t<path fill=\"#fff\" d=\"M2 0a2 2 0 0 0-2 2v2h1.5V2a.5.5 0 0 1 .5-.5h2V0H2Zm2 10.5H2a.5.5 0 0 1-.5-.5V8H0v2a2 2 0 0 0 2 2h2v-1.5ZM8 12v-1.5h2a.5.5 0 0 0 .5-.5V8H12v2a2 2 0 0 1-2 2H8Zm2-12a2 2 0 0 1 2 2v2h-1.5V2a.5.5 0 0 0-.5-.5H8V0h2Z\" \/>\n\t\t\t<\/svg>\n\t\t<\/button><figcaption class=\"wp-element-caption\"><strong>Nous v\u00e9rifierons votre situation et nous ne pourrons pas vous accepter en formation si votre titre de s\u00e9jour n&rsquo;est pas conforme.<\/strong><\/figcaption><\/figure>\n<\/div>\n\n\n<hr class=\"wp-block-separator has-alpha-channel-opacity\"\/>\n\n\n\n<div class=\"wp-block-buttons is-layout-flex wp-block-buttons-is-layout-flex\">\n<div class=\"wp-block-button has-custom-width wp-block-button__width-50 is-style-fill\"><a class=\"wp-block-button__link wp-element-button\" href=\"https:\/\/www.ifsi-clermont60.fr\/site\/wp-content\/uploads\/2025\/10\/Rapport-public-PSP-2025-regoupement-IFSI-des-hauts-de-France-Versant-Sud-002.pdf\" style=\"border-radius:0px;padding-top:0;padding-right:0;padding-bottom:0;padding-left:0\" target=\"_blank\" rel=\"noreferrer noopener\">Rapport public Parcoursup 2025<\/a><\/div>\n<\/div>\n\n\n\n<p><\/p>\n","protected":false},"excerpt":{"rendered":"<p>Modalit\u00e9sDates cl\u00e9sInscriptionAdmissionRessortissants \u00e9trangersRapport public Parcoursup \u25ba Vous \u00eates en terminale et aurez 17 ans au plus tard au 31 d\u00e9cembre de l\u2019ann\u00e9e d\u2019entr\u00e9e en formation,&nbsp;\u25ba Vous \u00eates titulaire du baccalaur\u00e9at&hellip;<\/p>\n","protected":false},"author":2,"featured_media":0,"parent":0,"menu_order":0,"comment_status":"closed","ping_status":"closed","template":"","meta":{"footnotes":""},"class_list":["post-5886","page","type-page","status-publish","hentry"],"jetpack_sharing_enabled":true,"_links":{"self":[{"href":"https:\/\/www.ifsi-clermont60.fr\/site\/index.php\/wp-json\/wp\/v2\/pages\/5886","targetHints":{"allow":["GET"]}}],"collection":[{"href":"https:\/\/www.ifsi-clermont60.fr\/site\/index.php\/wp-json\/wp\/v2\/pages"}],"about":[{"href":"https:\/\/www.ifsi-clermont60.fr\/site\/index.php\/wp-json\/wp\/v2\/types\/page"}],"author":[{"embeddable":true,"href":"https:\/\/www.ifsi-clermont60.fr\/site\/index.php\/wp-json\/wp\/v2\/users\/2"}],"replies":[{"embeddable":true,"href":"https:\/\/www.ifsi-clermont60.fr\/site\/index.php\/wp-json\/wp\/v2\/comments?post=5886"}],"version-history":[{"count":12,"href":"https:\/\/www.ifsi-clermont60.fr\/site\/index.php\/wp-json\/wp\/v2\/pages\/5886\/revisions"}],"predecessor-version":[{"id":6478,"href":"https:\/\/www.ifsi-clermont60.fr\/site\/index.php\/wp-json\/wp\/v2\/pages\/5886\/revisions\/6478"}],"wp:attachment":[{"href":"https:\/\/www.ifsi-clermont60.fr\/site\/index.php\/wp-json\/wp\/v2\/media?parent=5886"}],"curies":[{"name":"wp","href":"https:\/\/api.w.org\/{rel}","templated":true}]}}