{"id":4936,"date":"2024-11-20T16:11:13","date_gmt":"2024-11-20T15:11:13","guid":{"rendered":"https:\/\/www.ifsi-clermont60.fr\/site\/?page_id=4936"},"modified":"2025-09-17T11:41:20","modified_gmt":"2025-09-17T09:41:20","slug":"contacts-et-informations-pratiques-handicap","status":"publish","type":"page","link":"https:\/\/www.ifsi-clermont60.fr\/site\/index.php\/contacts-et-informations-pratiques-handicap\/","title":{"rendered":"Contact r\u00e9f\u00e9rent handicap et informations pratiques"},"content":{"rendered":"\n<p class=\"has-luminous-vivid-orange-color has-text-color has-link-color wp-elements-4f6ba335c90a744ef7b3f54c2f2736e3\"><strong>CONTACT REFERENT HANDICAP<\/strong><\/p>\n\n\n<div class=\"wp-block-image\">\n<figure class=\"aligncenter size-full is-resized\"><img fetchpriority=\"high\" decoding=\"async\" width=\"260\" height=\"251\" src=\"https:\/\/www.ifsi-clermont60.fr\/site\/wp-content\/uploads\/2025\/09\/image-14.png\" alt=\"\" class=\"wp-image-5717\" style=\"width:176px;height:auto\"\/><\/figure>\n<\/div>\n\n\n<p class=\"has-text-align-center\">Un formateur aguerri, form\u00e9 au Dipl\u00f4me Universitaire: <br><strong>DU \u00ab\u00a0TROUBLES SP\u00c9CIFIQUES DU LANGAGE ET DES APPRENTISSAGES : APPROCHES COGNITIVE ET P\u00c9DAGOGIQUE\u00a0\u00bb <\/strong><br>endosse la r\u00e9f\u00e9rence handicap de l\u2019institut.<strong> <\/strong><\/p>\n\n\n\n<p>Le formateur r\u00e9f\u00e9rent handicap vous recevra pour analyser avec vous vos besoins en formation, vous accompagner et envisager les adaptations utiles le cas \u00e9ch\u00e9ant\u00a0<a href=\"https:\/\/www.ifsi-clermont60.fr\/site\/index.php\/contacts\/\"><strong><a href=\"https:\/\/www.ifsi-clermont60.fr\/site\/index.php\/contacts\/\">(formulaire de contact ici)<\/a><\/strong><\/a>.<\/p>\n\n\n\n<p>Nos formateurs ont \u00e9galement effectu\u00e9s un MOOC \u00ab\u00a0Formation en ligne ouverte \u00e0 tous\u00a0\u00bb (<strong>M<\/strong>assive <strong>O<\/strong>pen <strong>O<\/strong>nline <strong>C<\/strong>ourse ) sur cette th\u00e9matique.<\/p>\n\n\n\n<p>Cette r\u00e9f\u00e9rence handicap \u00e0 donn\u00e9 lieu \u00e0 la r\u00e9alisation d\u2019une fiche mission et \u00e0 la cr\u00e9ation d&rsquo;un groupe d\u2019appui avec des formateurs \u00e0 chaque rentr\u00e9e \u25ba <strong>Groupe p\u00e9dagogie inclusive<\/strong><\/p>\n\n\n\n<hr class=\"wp-block-separator has-text-color has-luminous-vivid-orange-color has-alpha-channel-opacity has-luminous-vivid-orange-background-color has-background\"\/>\n\n\n\n<p class=\"has-luminous-vivid-orange-color has-text-color has-link-color wp-elements-299ece2833eeb86df1a270e0c4d5a52f\"><strong>INFORMATIONS PRATIQUES<\/strong><\/p>\n\n\n\n<p>Pour toutes informations pratiques vous pouvez \u00e9galement contacter :<\/p>\n\n\n\n<div class=\"wp-block-columns is-layout-flex wp-container-core-columns-is-layout-9d6595d7 wp-block-columns-is-layout-flex\">\n<div class=\"wp-block-column is-layout-flow wp-block-column-is-layout-flow\">\n<figure class=\"wp-block-image size-full is-resized\"><img decoding=\"async\" width=\"213\" height=\"93\" src=\"https:\/\/www.ifsi-clermont60.fr\/site\/wp-content\/uploads\/2025\/09\/image-6.png\" alt=\"\" class=\"wp-image-5607\" style=\"width:321px;height:auto\"\/><figcaption class=\"wp-element-caption\"><strong>MDA de l&rsquo;Oise (ancien MDPH)<strong><br><\/strong><\/strong>8 Avenu de l&rsquo;Europe &#8211; 60000 BEAUVAIS<br>Num\u00e9ro vert : 0800 894 421<br>@ <a href=\"mailto:mdph.contact@oise.fr\">mdph.contact@oise.fr<\/a><br><a href=\"https:\/\/mda.oise.fr\/\" target=\"_blank\" rel=\"noreferrer noopener\">www.mda.oise.fr<\/a><\/figcaption><\/figure>\n<\/div>\n\n\n\n<div class=\"wp-block-column is-layout-flow wp-block-column-is-layout-flow\">\n<figure class=\"wp-block-image size-large is-resized\"><img decoding=\"async\" width=\"1024\" height=\"703\" src=\"https:\/\/www.ifsi-clermont60.fr\/site\/wp-content\/uploads\/2022\/02\/image-34-1024x703.png\" alt=\"\" class=\"wp-image-2512\" srcset=\"https:\/\/www.ifsi-clermont60.fr\/site\/wp-content\/uploads\/2022\/02\/image-34-1024x703.png 1024w, https:\/\/www.ifsi-clermont60.fr\/site\/wp-content\/uploads\/2022\/02\/image-34-300x206.png 300w, https:\/\/www.ifsi-clermont60.fr\/site\/wp-content\/uploads\/2022\/02\/image-34-768x527.png 768w, https:\/\/www.ifsi-clermont60.fr\/site\/wp-content\/uploads\/2022\/02\/image-34.png 1226w\" sizes=\"(max-width: 1024px) 100vw, 1024px\" \/><figcaption class=\"wp-element-caption\"><strong>La <strong>Maison D\u00e9partementale de la Solidarit\u00e9<\/strong><br><\/strong>27 Avenue Gambetta &#8211; 60600 Clermont<br>Num\u00e9ro vert : 0344107830<br><a href=\"https:\/\/oise.fr\/fileadmin\/user_upload\/docs\/conseil-departemental-de-l-oise\/fonctionnement\/competences-du-departement\/maison-departementale-solidarite\/MDS-oise-Novembre-2020.pdf\">Plaquette<br><\/a><strong>@<a href=\"https:\/\/www.oise.fr\/conseil-departemental\/fonctionnement\/les-competences-du-departement\/maisons-departementales-de-la-solidarite\" target=\"_blank\" rel=\"noreferrer noopener\"> mail contact<\/a><br><\/strong><a href=\"https:\/\/oise.fr\/conseil-departemental-de-loise\/fonctionnement\/les-competences-du-departement\/maisons-departementales-de-la-solidarite\" target=\"_blank\" rel=\"noreferrer noopener\">WWW.MDS.OISE<\/a><\/figcaption><\/figure>\n<\/div>\n<\/div>\n\n\n\n<hr class=\"wp-block-separator has-text-color has-luminous-vivid-orange-color has-alpha-channel-opacity has-luminous-vivid-orange-background-color has-background\"\/>\n\n\n\n<p>Volontaires et pr\u00eats \u00e0 vous accompagner, nous sommes cependant limit\u00e9s si votre situation de handicap est au-del\u00e0 de nos possibilit\u00e9s. Dans ce cas, pour mener \u00e0 bien votre projet  selon votre situation, vous pouvez vous rapprocher:<\/p>\n\n\n\n<div class=\"wp-block-columns is-layout-flex wp-container-core-columns-is-layout-9d6595d7 wp-block-columns-is-layout-flex\">\n<div class=\"wp-block-column is-layout-flow wp-block-column-is-layout-flow\"><div class=\"wp-block-image\">\n<figure class=\"aligncenter size-full is-resized\"><img loading=\"lazy\" decoding=\"async\" width=\"242\" height=\"101\" src=\"https:\/\/www.ifsi-clermont60.fr\/site\/wp-content\/uploads\/2025\/09\/image-9.png\" alt=\"\" class=\"wp-image-5690\" style=\"width:146px;height:auto\"\/><figcaption class=\"wp-element-caption\"><strong>IFSI \/IFAS&nbsp; Santelys \/Iseform de LOOS<\/strong> <mark><br><\/mark>\u25ba<a href=\"http:\/\/www.iseformsante.fr\/\" target=\"_blank\" rel=\"noreferrer noopener\">Site Internet<\/a><\/figcaption><\/figure>\n<\/div><\/div>\n\n\n\n<div class=\"wp-block-column is-layout-flow wp-block-column-is-layout-flow\"><div class=\"wp-block-image\">\n<figure class=\"aligncenter size-full\"><img loading=\"lazy\" decoding=\"async\" width=\"335\" height=\"98\" src=\"https:\/\/www.ifsi-clermont60.fr\/site\/wp-content\/uploads\/2025\/09\/image-11.png\" alt=\"\" class=\"wp-image-5692\" srcset=\"https:\/\/www.ifsi-clermont60.fr\/site\/wp-content\/uploads\/2025\/09\/image-11.png 335w, https:\/\/www.ifsi-clermont60.fr\/site\/wp-content\/uploads\/2025\/09\/image-11-300x88.png 300w\" sizes=\"(max-width: 335px) 100vw, 335px\" \/><figcaption class=\"wp-element-caption\"><strong>IFSI IFAS de Castelnau Le Lez<\/strong> <mark><br><\/mark>\u25ba <a href=\"https:\/\/dossier.parcoursup.fr\/Candidats\/public\/fiches\/afficherFicheFormation?g_ta_cod=25861\" target=\"_blank\" rel=\"noreferrer noopener\">Site Internet<\/a><\/figcaption><\/figure>\n<\/div><\/div>\n\n\n\n<div class=\"wp-block-column is-layout-flow wp-block-column-is-layout-flow\"><div class=\"wp-block-image\">\n<figure class=\"aligncenter size-full\"><img loading=\"lazy\" decoding=\"async\" width=\"210\" height=\"79\" src=\"https:\/\/www.ifsi-clermont60.fr\/site\/wp-content\/uploads\/2025\/09\/image-10.png\" alt=\"\" class=\"wp-image-5691\"\/><figcaption class=\"wp-element-caption\"><strong>IFPS&nbsp; <\/strong>de Vannes.<mark><br><\/mark>\u25ba<a href=\"https:\/\/www.ifpsvannes.fr\/ifpsvannes\/institut\/handicap\" target=\"_blank\" rel=\"noreferrer noopener\">Site Internet<\/a><\/figcaption><\/figure>\n<\/div><\/div>\n<\/div>\n\n\n\n<div class=\"wp-block-buttons is-layout-flex wp-block-buttons-is-layout-flex\">\n<div class=\"wp-block-button has-custom-width wp-block-button__width-100\"><a class=\"wp-block-button__link has-white-color has-text-color has-background has-small-font-size has-custom-font-size wp-element-button\" href=\"https:\/\/www.monparcourshandicap.gouv.fr\/etudes-superieures\" style=\"background:linear-gradient(135deg,rgb(252,185,0) 0%,rgb(255,105,0) 0%)\" target=\"_blank\" rel=\"noreferrer noopener\">\u00c9tude sup\u00e9rieures et Handicap &#8211; Cliquez ici<\/a><\/div>\n<\/div>\n","protected":false},"excerpt":{"rendered":"<p>CONTACT REFERENT HANDICAP Un formateur aguerri, form\u00e9 au Dipl\u00f4me Universitaire: DU \u00ab\u00a0TROUBLES SP\u00c9CIFIQUES DU LANGAGE ET DES APPRENTISSAGES : APPROCHES COGNITIVE ET P\u00c9DAGOGIQUE\u00a0\u00bb endosse la r\u00e9f\u00e9rence handicap de l\u2019institut. Le&hellip;<\/p>\n","protected":false},"author":2,"featured_media":0,"parent":0,"menu_order":0,"comment_status":"closed","ping_status":"closed","template":"","meta":{"footnotes":""},"class_list":["post-4936","page","type-page","status-publish","hentry"],"jetpack_sharing_enabled":true,"_links":{"self":[{"href":"https:\/\/www.ifsi-clermont60.fr\/site\/index.php\/wp-json\/wp\/v2\/pages\/4936","targetHints":{"allow":["GET"]}}],"collection":[{"href":"https:\/\/www.ifsi-clermont60.fr\/site\/index.php\/wp-json\/wp\/v2\/pages"}],"about":[{"href":"https:\/\/www.ifsi-clermont60.fr\/site\/index.php\/wp-json\/wp\/v2\/types\/page"}],"author":[{"embeddable":true,"href":"https:\/\/www.ifsi-clermont60.fr\/site\/index.php\/wp-json\/wp\/v2\/users\/2"}],"replies":[{"embeddable":true,"href":"https:\/\/www.ifsi-clermont60.fr\/site\/index.php\/wp-json\/wp\/v2\/comments?post=4936"}],"version-history":[{"count":14,"href":"https:\/\/www.ifsi-clermont60.fr\/site\/index.php\/wp-json\/wp\/v2\/pages\/4936\/revisions"}],"predecessor-version":[{"id":5739,"href":"https:\/\/www.ifsi-clermont60.fr\/site\/index.php\/wp-json\/wp\/v2\/pages\/4936\/revisions\/5739"}],"wp:attachment":[{"href":"https:\/\/www.ifsi-clermont60.fr\/site\/index.php\/wp-json\/wp\/v2\/media?parent=4936"}],"curies":[{"name":"wp","href":"https:\/\/api.w.org\/{rel}","templated":true}]}}