{"id":3036,"date":"2022-09-20T14:53:21","date_gmt":"2022-09-20T12:53:21","guid":{"rendered":"https:\/\/www.ifsi-clermont60.fr\/site\/?page_id=3036"},"modified":"2025-10-24T09:41:13","modified_gmt":"2025-10-24T07:41:13","slug":"formation-ide-aides-financieres","status":"publish","type":"page","link":"https:\/\/www.ifsi-clermont60.fr\/site\/index.php\/formation-ide-aides-financieres\/","title":{"rendered":"Aides financi\u00e8res"},"content":{"rendered":"\n<h1 class=\"wp-block-heading has-text-color\" style=\"color:#153ae4\"><strong>Aides financi\u00e8res<\/strong><\/h1>\n\n\n\n<hr class=\"wp-block-separator has-css-opacity\"\/>\n\n\n\n<p>Les \u00e9tudiants en soins infirmiers et aides soignants peuvent b\u00e9n\u00e9ficier de plusieurs aides financi\u00e8res pendant leur formation.. L&rsquo;antenne de la R\u00e9gion est disponible pour vous accompagner dans toutes d\u00e9marches. Vous r\u00e9f\u00e9rer aux liens ci-dessous :<\/p>\n\n\n<div class=\"wp-block-image is-resized\">\n<figure class=\"aligncenter size-full\"><img fetchpriority=\"high\" decoding=\"async\" width=\"802\" height=\"134\" src=\"https:\/\/www.ifsi-clermont60.fr\/site\/wp-content\/uploads\/2022\/02\/image-30.png\" alt=\"\" class=\"wp-image-2700\" srcset=\"https:\/\/www.ifsi-clermont60.fr\/site\/wp-content\/uploads\/2022\/02\/image-30.png 802w, https:\/\/www.ifsi-clermont60.fr\/site\/wp-content\/uploads\/2022\/02\/image-30-300x50.png 300w, https:\/\/www.ifsi-clermont60.fr\/site\/wp-content\/uploads\/2022\/02\/image-30-768x128.png 768w\" sizes=\"(max-width: 802px) 100vw, 802px\" \/><figcaption class=\"wp-element-caption\">Pour acc\u00e9der au site, <strong><a href=\"https:\/\/guide-aides.hautsdefrance.fr\/dispositif667\">cliquer ici<\/a><\/strong><\/figcaption><\/figure>\n<\/div>\n\n\n<hr class=\"wp-block-separator has-css-opacity\"\/>\n\n\n<div class=\"wp-block-image is-resized\">\n<figure class=\"aligncenter size-full\"><img decoding=\"async\" width=\"799\" height=\"138\" src=\"https:\/\/www.ifsi-clermont60.fr\/site\/wp-content\/uploads\/2022\/02\/image-38.png\" alt=\"\" class=\"wp-image-2708\" srcset=\"https:\/\/www.ifsi-clermont60.fr\/site\/wp-content\/uploads\/2022\/02\/image-38.png 799w, https:\/\/www.ifsi-clermont60.fr\/site\/wp-content\/uploads\/2022\/02\/image-38-300x52.png 300w, https:\/\/www.ifsi-clermont60.fr\/site\/wp-content\/uploads\/2022\/02\/image-38-768x133.png 768w\" sizes=\"(max-width: 799px) 100vw, 799px\" \/><figcaption class=\"wp-element-caption\">Pour acc\u00e9der au site, <strong><a href=\"https:\/\/guide-aides.hautsdefrance.fr\/dispositif341\">cliquer ici<\/a><\/strong><\/figcaption><\/figure>\n<\/div>\n\n\n<hr class=\"wp-block-separator has-alpha-channel-opacity\"\/>\n\n\n<div class=\"wp-block-image\">\n<figure class=\"aligncenter size-full is-resized\"><img decoding=\"async\" width=\"939\" height=\"679\" src=\"https:\/\/www.ifsi-clermont60.fr\/site\/wp-content\/uploads\/2025\/10\/image-4.png\" alt=\"\" class=\"wp-image-5802\" style=\"width:588px;height:auto\" srcset=\"https:\/\/www.ifsi-clermont60.fr\/site\/wp-content\/uploads\/2025\/10\/image-4.png 939w, https:\/\/www.ifsi-clermont60.fr\/site\/wp-content\/uploads\/2025\/10\/image-4-300x217.png 300w, https:\/\/www.ifsi-clermont60.fr\/site\/wp-content\/uploads\/2025\/10\/image-4-768x555.png 768w\" sizes=\"(max-width: 939px) 100vw, 939px\" \/><figcaption class=\"wp-element-caption\"><strong>Bourse Mermoz<\/strong> &#8211; Pour voir les modalit\u00e9s, <strong><a href=\"https:\/\/guide-aides.hautsdefrance.fr\/dispositif997\">cliquer ici<\/a><\/strong><\/figcaption><\/figure>\n<\/div>\n\n\n<h2 class=\"wp-block-heading has-luminous-vivid-orange-color has-text-color\"><strong>Aides aux transports<\/strong><\/h2>\n\n\n<div class=\"wp-block-image\">\n<figure class=\"aligncenter size-full\"><img loading=\"lazy\" decoding=\"async\" width=\"281\" height=\"188\" src=\"https:\/\/www.ifsi-clermont60.fr\/site\/wp-content\/uploads\/2022\/09\/image-12.png\" alt=\"\" class=\"wp-image-3100\"\/><figcaption class=\"wp-element-caption\">Pour les d\u00e9placements en stage<br>Pour voir les modalit\u00e9s, <a rel=\"noreferrer noopener\" href=\"https:\/\/guide-aides.hautsdefrance.fr\/spip.php?page=dispositif&amp;id_dispositif=632\" target=\"_blank\">cliquez ici<\/a><br>Se rapprocher de l&rsquo;antenne de Clermont (60)<\/figcaption><\/figure>\n<\/div>\n\n\n<div class=\"wp-block-columns is-layout-flex wp-container-core-columns-is-layout-9d6595d7 wp-block-columns-is-layout-flex\">\n<div class=\"wp-block-column is-layout-flow wp-block-column-is-layout-flow\">\n<figure class=\"wp-block-image size-full is-resized\"><img loading=\"lazy\" decoding=\"async\" width=\"573\" height=\"366\" src=\"https:\/\/www.ifsi-clermont60.fr\/site\/wp-content\/uploads\/2022\/09\/image-9.png\" alt=\"\" class=\"wp-image-3090\" srcset=\"https:\/\/www.ifsi-clermont60.fr\/site\/wp-content\/uploads\/2022\/09\/image-9.png 573w, https:\/\/www.ifsi-clermont60.fr\/site\/wp-content\/uploads\/2022\/09\/image-9-300x192.png 300w\" sizes=\"(max-width: 573px) 100vw, 573px\" \/><figcaption class=\"wp-element-caption\"><strong>Mon abo\u2019TER \u00e9tudiant<\/strong><br>-88% en moyenne sur vos trajets<br>GRATUIT\u00c9 pour les boursiers<br>Pour voir les modalit\u00e9s, <strong><a href=\"https:\/\/guide-aides.hautsdefrance.fr\/dispositif811\">cliquer ici<\/a><\/strong><\/figcaption><\/figure>\n<\/div>\n\n\n\n<div class=\"wp-block-column is-layout-flow wp-block-column-is-layout-flow\">\n<figure class=\"wp-block-image size-full is-resized\"><img loading=\"lazy\" decoding=\"async\" width=\"241\" height=\"168\" src=\"https:\/\/www.ifsi-clermont60.fr\/site\/wp-content\/uploads\/2022\/09\/image-10.png\" alt=\"\" class=\"wp-image-3091\"\/><figcaption class=\"wp-element-caption\"><strong>Pass Oise Mobilit\u00e9<\/strong><br>GRATUIT\u00c9 pour les bousiers<br>Pour voir les modalit\u00e9s, <a href=\"https:\/\/www.oise-mobilite.fr\/titres-gratuits\">cliquez ici<\/a><\/figcaption><\/figure>\n<\/div>\n<\/div>\n\n\n<div class=\"wp-block-image is-resized\">\n<figure class=\"aligncenter size-full\"><img loading=\"lazy\" decoding=\"async\" width=\"724\" height=\"244\" src=\"https:\/\/www.ifsi-clermont60.fr\/site\/wp-content\/uploads\/2022\/09\/image-6.png\" alt=\"\" class=\"wp-image-3077\" style=\"width:602px;height:auto\" srcset=\"https:\/\/www.ifsi-clermont60.fr\/site\/wp-content\/uploads\/2022\/09\/image-6.png 724w, https:\/\/www.ifsi-clermont60.fr\/site\/wp-content\/uploads\/2022\/09\/image-6-300x101.png 300w\" sizes=\"(max-width: 724px) 100vw, 724px\" \/><figcaption class=\"wp-element-caption\">20\u20ac par mois si distance parcourue \u2a7e 100kms<br>par semaine vers le lieu d\u2019\u00e9tude. Pour voir les modalit\u00e9s, <strong><a href=\"https:\/\/guide-aides.hautsdefrance.fr\/dispositif780\" target=\"_blank\" rel=\"noreferrer noopener\">cliquer ici<\/a><\/strong><\/figcaption><\/figure>\n<\/div>\n\n\n<hr class=\"wp-block-separator has-css-opacity\"\/>\n\n\n\n<h2 class=\"wp-block-heading has-luminous-vivid-orange-color has-text-color\"><strong>Aides<\/strong> <strong>au permis<\/strong><\/h2>\n\n\n<div class=\"wp-block-image is-resized\">\n<figure class=\"aligncenter\"><img decoding=\"async\" src=\"https:\/\/www.oise.fr\/fileadmin\/_processed_\/9\/1\/csm_PASSAVENIR_940x347_94a4483bf4.png\" alt=\"\"\/><figcaption class=\"wp-element-caption\">Pour acc\u00e9der au site, <strong><a href=\"https:\/\/www.oise.fr\/les-pass-citoyens-du-conseil-departemental-de-loise\/le-passavenir-citoyen#:~:text=Le%20Pass%20Avenir%20Citoyen%20est,bien%20d%C3%A9marrer%20dans%20la%20vie%20!\" target=\"_blank\" rel=\"noreferrer noopener\">cliquer ici<\/a><\/strong><\/figcaption><\/figure>\n<\/div>\n\n\n<hr class=\"wp-block-separator has-css-opacity\"\/>\n\n\n<div class=\"wp-block-image\">\n<figure class=\"aligncenter size-full is-resized\"><img loading=\"lazy\" decoding=\"async\" width=\"638\" height=\"362\" src=\"https:\/\/www.ifsi-clermont60.fr\/site\/wp-content\/uploads\/2025\/10\/image-5.png\" alt=\"\" class=\"wp-image-5804\" style=\"width:349px;height:auto\" srcset=\"https:\/\/www.ifsi-clermont60.fr\/site\/wp-content\/uploads\/2025\/10\/image-5.png 638w, https:\/\/www.ifsi-clermont60.fr\/site\/wp-content\/uploads\/2025\/10\/image-5-300x170.png 300w\" sizes=\"(max-width: 638px) 100vw, 638px\" \/><figcaption class=\"wp-element-caption\">Pour acc\u00e9der au site, <a href=\"https:\/\/www.oise.fr\/les-pass-citoyens-du-conseil-departemental-de-loise\/le-passpermis-citoyen\" target=\"_blank\" rel=\"noreferrer noopener\"><strong>cliquer ici<\/strong><\/a><\/figcaption><\/figure>\n<\/div>\n\n<div class=\"wp-block-image is-resized\">\n<figure class=\"aligncenter\"><img decoding=\"async\" src=\"https:\/\/www.hautsdefrance.fr\/app\/uploads\/2021\/07\/AIDEPERMIS_REGION-RS-1200X600-750x375-1626879365.png\" alt=\"\" style=\"width:646px;height:auto\"\/><figcaption class=\"wp-element-caption\">Pour acc\u00e9der au site <strong><a rel=\"noreferrer noopener\" href=\"https:\/\/aides.hautsdefrance.fr\/sub\/tiers\/aides\/details\/?sigle=PERM2.0\" target=\"_blank\">cliquer ici<\/a><\/strong><\/figcaption><\/figure>\n<\/div>\n\n\n<hr class=\"wp-block-separator has-css-opacity\"\/>\n\n\n\n<h2 class=\"wp-block-heading has-luminous-vivid-orange-color has-text-color\"><strong>Autres aides<\/strong> &#8211; <strong>Mutuelle<\/strong><\/h2>\n\n\n<div class=\"wp-block-image\">\n<figure class=\"aligncenter size-large is-resized\"><img loading=\"lazy\" decoding=\"async\" width=\"407\" height=\"1024\" src=\"https:\/\/www.ifsi-clermont60.fr\/site\/wp-content\/uploads\/2025\/05\/image-407x1024.png\" alt=\"\" class=\"wp-image-5104\" style=\"width:343px;height:auto\" srcset=\"https:\/\/www.ifsi-clermont60.fr\/site\/wp-content\/uploads\/2025\/05\/image-407x1024.png 407w, https:\/\/www.ifsi-clermont60.fr\/site\/wp-content\/uploads\/2025\/05\/image-119x300.png 119w, https:\/\/www.ifsi-clermont60.fr\/site\/wp-content\/uploads\/2025\/05\/image-610x1536.png 610w, https:\/\/www.ifsi-clermont60.fr\/site\/wp-content\/uploads\/2025\/05\/image.png 646w\" sizes=\"(max-width: 407px) 100vw, 407px\" \/><figcaption class=\"wp-element-caption\"><a href=\"https:\/\/www.ameli.fr\/assure\/droits-demarches\/difficultes-acces-droits-soins\/complementaire-sante\/complementaire-sante-beneficiaires\">https:\/\/www.ameli.fr\/assure\/droits-demarches\/difficultes-acces-droits-soins\/complementaire-sante\/complementaire-sante-beneficiaires<\/a><\/figcaption><\/figure>\n<\/div>\n\n\n<p>Pour les \u00e9tudiants et \u00e9l\u00e8ves \u00e9ligibles , la CSS constitue une protection indispensable contre les frais de sant\u00e9 impr\u00e9vus, assurant un acc\u00e8s optimal aux soins. En 2023, pr\u00e8s de 5 millions de personnes b\u00e9n\u00e9ficiaient de la CSS en France<\/p>\n\n\n\n<p class=\"has-luminous-vivid-orange-color has-text-color\"><strong>Aides financi\u00e8res pour les Promotions professionnelles uniquement:<\/strong><\/p>\n\n\n<div class=\"wp-block-image is-resized\">\n<figure class=\"aligncenter size-full\"><img loading=\"lazy\" decoding=\"async\" width=\"967\" height=\"355\" src=\"https:\/\/www.ifsi-clermont60.fr\/site\/wp-content\/uploads\/2022\/02\/image-25.png\" alt=\"\" class=\"wp-image-2699\" srcset=\"https:\/\/www.ifsi-clermont60.fr\/site\/wp-content\/uploads\/2022\/02\/image-25.png 967w, https:\/\/www.ifsi-clermont60.fr\/site\/wp-content\/uploads\/2022\/02\/image-25-300x110.png 300w, https:\/\/www.ifsi-clermont60.fr\/site\/wp-content\/uploads\/2022\/02\/image-25-768x282.png 768w\" sizes=\"(max-width: 967px) 100vw, 967px\" \/><figcaption class=\"wp-element-caption\">Pour acc\u00e9der au site, <strong><a rel=\"noreferrer noopener\" href=\"https:\/\/guide-aides.hautsdefrance.fr\/spip.php?page=dispositif&amp;id_dispositif=636\" target=\"_blank\">cliquer ici<\/a><\/strong><\/figcaption><\/figure>\n<\/div>\n\n\n<h2 class=\"wp-block-heading has-luminous-vivid-orange-color has-text-color has-link-color wp-elements-cb8cc11afbf93f781e86716ac8d50321\"><strong>Aides financi\u00e8res pour les Etudiants infirmiers uniquement:<\/strong><\/h2>\n\n\n<div class=\"wp-block-image\">\n<figure class=\"aligncenter size-full is-resized\"><img loading=\"lazy\" decoding=\"async\" width=\"800\" height=\"800\" src=\"https:\/\/www.ifsi-clermont60.fr\/site\/wp-content\/uploads\/2025\/02\/Logo_Crous_vectorise.svg_.png\" alt=\"\" class=\"wp-image-5031\" style=\"width:214px;height:auto\" srcset=\"https:\/\/www.ifsi-clermont60.fr\/site\/wp-content\/uploads\/2025\/02\/Logo_Crous_vectorise.svg_.png 800w, https:\/\/www.ifsi-clermont60.fr\/site\/wp-content\/uploads\/2025\/02\/Logo_Crous_vectorise.svg_-300x300.png 300w, https:\/\/www.ifsi-clermont60.fr\/site\/wp-content\/uploads\/2025\/02\/Logo_Crous_vectorise.svg_-150x150.png 150w, https:\/\/www.ifsi-clermont60.fr\/site\/wp-content\/uploads\/2025\/02\/Logo_Crous_vectorise.svg_-768x768.png 768w, https:\/\/www.ifsi-clermont60.fr\/site\/wp-content\/uploads\/2025\/02\/Logo_Crous_vectorise.svg_-100x100.png 100w\" sizes=\"(max-width: 800px) 100vw, 800px\" \/><\/figure>\n<\/div>\n\n\n<p class=\"has-text-align-center\">pour acc\u00e9der au guide du Crous, <a href=\"https:\/\/www.ifsi-clermont60.fr\/site\/GuideSASOCrous.pdf\">cliquer ici<\/a><\/p>\n\n\n<div class=\"wp-block-image\">\n<figure class=\"aligncenter size-full is-resized\"><a href=\"https:\/\/generation.hautsdefrance.fr\/\" target=\"_blank\" rel=\"noreferrer noopener\"><img loading=\"lazy\" decoding=\"async\" width=\"580\" height=\"209\" src=\"https:\/\/www.ifsi-clermont60.fr\/site\/wp-content\/uploads\/2024\/02\/image-8.png\" alt=\"\" class=\"wp-image-4414\" style=\"width:352px;height:auto\" srcset=\"https:\/\/www.ifsi-clermont60.fr\/site\/wp-content\/uploads\/2024\/02\/image-8.png 580w, https:\/\/www.ifsi-clermont60.fr\/site\/wp-content\/uploads\/2024\/02\/image-8-300x108.png 300w\" sizes=\"(max-width: 580px) 100vw, 580px\" \/><\/a><figcaption class=\"wp-element-caption\">Cliquez sur l&rsquo;image<\/figcaption><\/figure>\n<\/div>\n\n\n<h2 class=\"wp-block-heading has-luminous-vivid-orange-color has-text-color\"><strong>Autres aides<\/strong> &#8211; <strong>R\u00e9gion<\/strong><\/h2>\n\n\n\n<p>Les \u00e9tudiants en soins infirmiers et aides soignants peuvent b\u00e9n\u00e9ficier de plusieurs aides financi\u00e8res pendant leur formation.. L&rsquo;antenne de la R\u00e9gion est disponible pour vous accompagner dans toutes d\u00e9marches. Vous r\u00e9f\u00e9rer aux liens ci-dessous :<\/p>\n\n\n\n<div class=\"wp-block-columns is-layout-flex wp-container-core-columns-is-layout-9d6595d7 wp-block-columns-is-layout-flex\">\n<div class=\"wp-block-column is-layout-flow wp-block-column-is-layout-flow\">\n<figure class=\"wp-block-image size-full\"><img loading=\"lazy\" decoding=\"async\" width=\"611\" height=\"849\" src=\"https:\/\/www.ifsi-clermont60.fr\/site\/wp-content\/uploads\/2022\/09\/image-3.png\" alt=\"\" class=\"wp-image-3026\" srcset=\"https:\/\/www.ifsi-clermont60.fr\/site\/wp-content\/uploads\/2022\/09\/image-3.png 611w, https:\/\/www.ifsi-clermont60.fr\/site\/wp-content\/uploads\/2022\/09\/image-3-216x300.png 216w\" sizes=\"(max-width: 611px) 100vw, 611px\" \/><\/figure>\n<\/div>\n\n\n\n<div class=\"wp-block-column is-layout-flow wp-block-column-is-layout-flow\">\n<figure class=\"wp-block-image size-full\"><img loading=\"lazy\" decoding=\"async\" width=\"611\" height=\"844\" src=\"https:\/\/www.ifsi-clermont60.fr\/site\/wp-content\/uploads\/2022\/09\/image-2.png\" alt=\"\" class=\"wp-image-3025\" srcset=\"https:\/\/www.ifsi-clermont60.fr\/site\/wp-content\/uploads\/2022\/09\/image-2.png 611w, https:\/\/www.ifsi-clermont60.fr\/site\/wp-content\/uploads\/2022\/09\/image-2-217x300.png 217w\" sizes=\"(max-width: 611px) 100vw, 611px\" \/><\/figure>\n<\/div>\n<\/div>\n\n\n\n<p class=\"has-text-align-center\"><strong>Ouverture du lundi au vendredi :<br>8h30 \u2013 12h00 et 13h30 \u2013 17h<br>T\u00e9l : 03 74 27 30 40<br><a href=\"mailto:antenne-clermont@hautsdefrance.fr\">antenne-clermont@hautsdefrance.fr<\/a><\/strong><\/p>\n\n\n\n<div class=\"wp-block-buttons is-layout-flex wp-block-buttons-is-layout-flex\">\n<div class=\"wp-block-button has-custom-width wp-block-button__width-100\"><a class=\"wp-block-button__link has-black-color has-electric-grass-gradient-background has-text-color has-background wp-element-button\" href=\"http:\/\/guide-aides.hautsdefrance.fr\/\">Autres aides HDF<\/a><\/div>\n<\/div>\n","protected":false},"excerpt":{"rendered":"<p>Aides financi\u00e8res Les \u00e9tudiants en soins infirmiers et aides soignants peuvent b\u00e9n\u00e9ficier de plusieurs aides financi\u00e8res pendant leur formation.. L&rsquo;antenne de la R\u00e9gion est disponible pour vous accompagner dans toutes&hellip;<\/p>\n","protected":false},"author":2,"featured_media":0,"parent":0,"menu_order":0,"comment_status":"closed","ping_status":"closed","template":"","meta":{"footnotes":""},"class_list":["post-3036","page","type-page","status-publish","hentry"],"jetpack_sharing_enabled":true,"_links":{"self":[{"href":"https:\/\/www.ifsi-clermont60.fr\/site\/index.php\/wp-json\/wp\/v2\/pages\/3036","targetHints":{"allow":["GET"]}}],"collection":[{"href":"https:\/\/www.ifsi-clermont60.fr\/site\/index.php\/wp-json\/wp\/v2\/pages"}],"about":[{"href":"https:\/\/www.ifsi-clermont60.fr\/site\/index.php\/wp-json\/wp\/v2\/types\/page"}],"author":[{"embeddable":true,"href":"https:\/\/www.ifsi-clermont60.fr\/site\/index.php\/wp-json\/wp\/v2\/users\/2"}],"replies":[{"embeddable":true,"href":"https:\/\/www.ifsi-clermont60.fr\/site\/index.php\/wp-json\/wp\/v2\/comments?post=3036"}],"version-history":[{"count":37,"href":"https:\/\/www.ifsi-clermont60.fr\/site\/index.php\/wp-json\/wp\/v2\/pages\/3036\/revisions"}],"predecessor-version":[{"id":5878,"href":"https:\/\/www.ifsi-clermont60.fr\/site\/index.php\/wp-json\/wp\/v2\/pages\/3036\/revisions\/5878"}],"wp:attachment":[{"href":"https:\/\/www.ifsi-clermont60.fr\/site\/index.php\/wp-json\/wp\/v2\/media?parent=3036"}],"curies":[{"name":"wp","href":"https:\/\/api.w.org\/{rel}","templated":true}]}}