{"id":2120,"date":"2022-02-14T15:56:52","date_gmt":"2022-02-14T14:56:52","guid":{"rendered":"https:\/\/www.ifsi-clermont60.fr\/site\/?page_id=2120"},"modified":"2026-03-30T13:02:36","modified_gmt":"2026-03-30T11:02:36","slug":"inscriptions-et-modalites-de-selection-pour-admission-as","status":"publish","type":"page","link":"https:\/\/www.ifsi-clermont60.fr\/site\/index.php\/inscriptions-et-modalites-de-selection-pour-admission-as\/","title":{"rendered":"S\u00e9lection IFAS SEPTEMBRE"},"content":{"rendered":"<div class=\"align wp-block-ctrb-counters\" id='ctrbCounters-1' data-attributes='{&quot;align&quot;:&quot;&quot;,&quot;counters&quot;:[{&quot;background&quot;:{&quot;color&quot;:&quot;rgba(68, 39, 163, 0)&quot;,&quot;type&quot;:&quot;solid&quot;,&quot;position&quot;:&quot;center center&quot;,&quot;image&quot;:{&quot;id&quot;:null,&quot;url&quot;:&quot;&quot;,&quot;alt&quot;:&quot;&quot;,&quot;title&quot;:&quot;&quot;,&quot;caption&quot;:&quot;&quot;}},&quot;icon&quot;:{&quot;class&quot;:&quot;&quot;,&quot;fontSize&quot;:50,&quot;color&quot;:&quot;#fff&quot;,&quot;colorType&quot;:&quot;solid&quot;,&quot;gradient&quot;:&quot;linear-gradient(193deg,#4527a4 0%,#8344c5 100%)&quot;},&quot;number&quot;:{&quot;start&quot;:0,&quot;end&quot;:45,&quot;prefix&quot;:&quot;Places limit\\u00e9es  &quot;,&quot;suffix&quot;:&quot;&quot;,&quot;color&quot;:&quot;rgba(12, 11, 11, 1)&quot;},&quot;label&quot;:{&quot;text&quot;:&quot;Aides-soignants sur l&#039;ann\\u00e9e civile&quot;,&quot;color&quot;:&quot;rgba(7, 7, 7, 1)&quot;}}],&quot;theme&quot;:&quot;theme1&quot;,&quot;columns&quot;:{&quot;desktop&quot;:1,&quot;tablet&quot;:2,&quot;mobile&quot;:1},&quot;duration&quot;:2500,&quot;separator&quot;:{&quot;char&quot;:&quot;,&quot;},&quot;background&quot;:{&quot;color&quot;:&quot;#0000&quot;,&quot;type&quot;:&quot;solid&quot;},&quot;counterHeight&quot;:&quot;175px&quot;,&quot;iconSize&quot;:40,&quot;iconPosition&quot;:&quot;label&quot;,&quot;numberTypo&quot;:{&quot;fontSize&quot;:{&quot;desktop&quot;:48,&quot;tablet&quot;:40,&quot;mobile&quot;:32},&quot;textTransform&quot;:&quot;capitalize&quot;,&quot;textDecoration&quot;:&quot;none&quot;,&quot;isUploadFont&quot;:true},&quot;labelTypo&quot;:{&quot;fontSize&quot;:{&quot;desktop&quot;:14,&quot;tablet&quot;:20,&quot;mobile&quot;:18},&quot;textDecoration&quot;:&quot;auto&quot;,&quot;lineHeight&quot;:&quot;135%&quot;},&quot;counterBorder&quot;:{&quot;radius&quot;:&quot;5px&quot;,&quot;color&quot;:&quot;#0000&quot;,&quot;side&quot;:&quot;all&quot;,&quot;width&quot;:&quot;0px&quot;},&quot;columnGap&quot;:&quot;20px&quot;,&quot;rowGap&quot;:&quot;30px&quot;,&quot;padding&quot;:{&quot;vertical&quot;:&quot;20px&quot;,&quot;horizontal&quot;:&quot;0px&quot;},&quot;textAlign&quot;:&quot;center&quot;,&quot;counterWidth&quot;:&quot;250px&quot;,&quot;isIcon&quot;:true,&quot;isLabel&quot;:true,&quot;counterPadding&quot;:{&quot;vertical&quot;:&quot;20px&quot;,&quot;horizontal&quot;:&quot;20px&quot;},&quot;counterShadow&quot;:[]}'><\/div>\n\n\n<p class=\"has-text-align-center\"><strong>S\u00e9lection 2026 pour l&rsquo;admission dans les instituts de formation d&rsquo;aides-soignants du regroupement des IFAS de l&rsquo;Oise<\/strong><\/p>\n\n\n\n<p class=\"has-text-align-center\"><strong>Prochaine rentr\u00e9e : Lundi 31 aout 2026<\/strong><\/p>\n\n\n\n<div class=\"wp-block-cp-timeline-content-timeline-block Cool-Content-Timeline\"><div class=\"cool-timeline-block-27900cd0-4b86-4080-b695-2df8b593e0c5\"><div class=\"cool-vertical-timeline-body ctlb-wrapper both-sided right\"><div class=\"cool-timeline-block-list\">\n<div class=\"wp-block-cp-timeline-content-timeline-block-child swiper-slide\"><div class=\"timeline-content icon-false \"><div class=\"timeline-block-timeline ctl-row  position-right\"><div class=\"ctl-6 timeline-block-time\"><div class=\"story-time\"><p>Lundi 23 mars 2026<\/p><\/div><\/div><div class=\"timeline-block-icon\"><svg stroke=\"currentColor\" fill=\"currentColor\" stroke-width=\"0\" viewBox=\"0 0 512 512\" height=\"1em\" width=\"1em\" xmlns=\"http:\/\/www.w3.org\/2000\/svg\"><path d=\"M256 8C119 8 8 119 8 256s111 248 248 248 248-111 248-248S393 8 256 8z\"><\/path><\/svg><\/div><div class=\"ctl-6 timeline-block-detail\"><div class=\"story-details\"><div class=\"story-content\">\n<p><strong>Retrait des dossiers d&rsquo;inscription<\/strong><\/p>\n\n\n\n<p><a href=\"https:\/\/www.ifsi-clermont60.fr\/site\/wp-content\/uploads\/2026\/03\/Dossier-Inscription-IFAS-2026.pdf\" target=\"_blank\" rel=\"noreferrer noopener\">DOSSIER D&rsquo;INSCRIPTION SELECTION IFAS SEPTEMBRE 2026<\/a><\/p>\n\n\n\n<p><strong><a href=\"https:\/\/www.ifsi-clermont60.fr\/site\/wp-content\/uploads\/2026\/03\/Dossier-Inscription-IFAS-2026.pdf\" target=\"_blank\" rel=\"noreferrer noopener\">cliquez ici<\/a><\/strong><\/p>\n<\/div><\/div><\/div><\/div><\/div><\/div>\n\n\n\n<div class=\"wp-block-cp-timeline-content-timeline-block-child swiper-slide\"><div class=\"timeline-content icon-false \"><div class=\"timeline-block-timeline ctl-row  position-left\"><div class=\"ctl-6 timeline-block-time\"><div class=\"story-time\"><p>Vendredi 12 juin 2026<\/p><\/div><\/div><div class=\"timeline-block-icon\"><svg stroke=\"currentColor\" fill=\"currentColor\" stroke-width=\"0\" viewBox=\"0 0 512 512\" height=\"1em\" width=\"1em\" xmlns=\"http:\/\/www.w3.org\/2000\/svg\"><path d=\"M256 8C119 8 8 119 8 256s111 248 248 248 248-111 248-248S393 8 256 8z\"><\/path><\/svg><\/div><div class=\"ctl-6 timeline-block-detail\"><div class=\"story-details\"><div class=\"story-content\">\n<p><strong>Cl\u00f4ture des inscriptions<\/strong><\/p>\n\n\n\n<p>(cachet de la poste faisant foi)<\/p>\n<\/div><\/div><\/div><\/div><\/div><\/div>\n\n\n\n<div class=\"wp-block-cp-timeline-content-timeline-block-child swiper-slide\"><div class=\"timeline-content icon-false \"><div class=\"timeline-block-timeline ctl-row  position-right\"><div class=\"ctl-6 timeline-block-time\"><div class=\"story-time\"><p>Jeudi 25 juin 2026<\/p><\/div><\/div><div class=\"timeline-block-icon\"><svg stroke=\"currentColor\" fill=\"currentColor\" stroke-width=\"0\" viewBox=\"0 0 512 512\" height=\"1em\" width=\"1em\" xmlns=\"http:\/\/www.w3.org\/2000\/svg\"><path d=\"M256 8C119 8 8 119 8 256s111 248 248 248 248-111 248-248S393 8 256 8z\"><\/path><\/svg><\/div><div class=\"ctl-6 timeline-block-detail\"><div class=\"story-details\"><div class=\"story-content\">\n<p class=\"ctlb-block-desc\" style=\"padding-top:0px;padding-right:0px;padding-bottom:0px;padding-left:0px\"><strong>Jury d&rsquo;admission<\/strong> <strong>IFAS<\/strong><\/p>\n<\/div><\/div><\/div><\/div><\/div><\/div>\n\n\n\n<div class=\"wp-block-cp-timeline-content-timeline-block-child swiper-slide\"><div class=\"timeline-content icon-false \"><div class=\"timeline-block-timeline ctl-row  position-left\"><div class=\"ctl-6 timeline-block-time\"><div class=\"story-time\"><p>Vendredi 26 juin 2026 \u00e0 10h<\/p><\/div><\/div><div class=\"timeline-block-icon\"><svg stroke=\"currentColor\" fill=\"currentColor\" stroke-width=\"0\" viewBox=\"0 0 512 512\" height=\"1em\" width=\"1em\" xmlns=\"http:\/\/www.w3.org\/2000\/svg\"><path d=\"M256 8C119 8 8 119 8 256s111 248 248 248 248-111 248-248S393 8 256 8z\"><\/path><\/svg><\/div><div class=\"ctl-6 timeline-block-detail\"><div class=\"story-details\"><div class=\"story-content\">\n<p class=\"ctlb-block-desc\" style=\"padding-top:0px;padding-right:0px;padding-bottom:0px;padding-left:0px\"><strong>Affichage des r\u00e9sultats<\/strong> <strong>\u00e0 10h00<\/strong><\/p>\n<\/div><\/div><\/div><\/div><\/div><\/div>\n\n\n\n<div class=\"wp-block-cp-timeline-content-timeline-block-child swiper-slide\"><div class=\"timeline-content icon-false \"><div class=\"timeline-block-timeline ctl-row  position-right\"><div class=\"ctl-6 timeline-block-time\"><div class=\"story-time\"><p>Mercredi 8 juillet 2026<\/p><\/div><\/div><div class=\"timeline-block-icon\"><svg stroke=\"currentColor\" fill=\"currentColor\" stroke-width=\"0\" viewBox=\"0 0 512 512\" height=\"1em\" width=\"1em\" xmlns=\"http:\/\/www.w3.org\/2000\/svg\"><path d=\"M256 8C119 8 8 119 8 256s111 248 248 248 248-111 248-248S393 8 256 8z\"><\/path><\/svg><\/div><div class=\"ctl-6 timeline-block-detail\"><div class=\"story-details\"><div class=\"story-content\">\n<p class=\"ctlb-block-desc\" style=\"padding-top:0px;padding-right:0px;padding-bottom:0px;padding-left:0px\"><strong>Date butoir pour envoyer les confirmations d&rsquo;inscription<\/strong><\/p>\n\n\n\n<p>(cachet de la poste faisant foi)<\/p>\n<\/div><\/div><\/div><\/div><\/div><\/div>\n\n\n\n<div class=\"wp-block-cp-timeline-content-timeline-block-child swiper-slide\"><div class=\"timeline-content icon-false \"><div class=\"timeline-block-timeline ctl-row  position-left\"><div class=\"ctl-6 timeline-block-time\"><div class=\"story-time\"><p>LUNDI 31 aout 2026<\/p><\/div><\/div><div class=\"timeline-block-icon\"><svg stroke=\"currentColor\" fill=\"currentColor\" stroke-width=\"0\" viewBox=\"0 0 512 512\" height=\"1em\" width=\"1em\" xmlns=\"http:\/\/www.w3.org\/2000\/svg\"><path d=\"M256 8C119 8 8 119 8 256s111 248 248 248 248-111 248-248S393 8 256 8z\"><\/path><\/svg><\/div><div class=\"ctl-6 timeline-block-detail\"><div class=\"story-details\"><div class=\"story-content\">\n<p class=\"ctlb-block-desc\" style=\"padding-top:0px;padding-right:0px;padding-bottom:0px;padding-left:0px\"><strong>RENTR\u00c9E IFAS<\/strong><\/p>\n<\/div><\/div><\/div><\/div><\/div><\/div>\n<\/div><\/div><\/div><\/div>\n\n\n\n<p>La formation aide-soignante se d\u00e9roule sur une ann\u00e9e scolaire (derni\u00e8re semaine d&rsquo;ao\u00fbt \u00e0 derni\u00e8re semaine de juillet) en cursus Complet ou en cursus partiel en b\u00e9n\u00e9ficiant de passerelles li\u00e9es \u00e0 leur formation ant\u00e9rieure.<\/p>\n\n\n\n<p><mark style=\"background-color:rgba(0, 0, 0, 0)\" class=\"has-inline-color has-black-color\">Informations et conseils pour r\u00e9ussir votre admission \u00e0 l&rsquo;IFAS, <a href=\"https:\/\/www.ifsi-clermont60.fr\/site\/wp-content\/uploads\/2024\/11\/Informations-et-conseils-pour-reussir-votre-admission-a-lIFAS-sur-site-internet-V2-2024.pdf\" target=\"_blank\" rel=\"noreferrer noopener\">cliquez ici <\/a><\/mark><\/p>\n\n\n\n<p class=\"has-text-align-left\"><strong><mark style=\"background-color:rgba(0, 0, 0, 0)\" class=\"has-inline-color has-vivid-red-color\">ATTENTION<\/mark><\/strong><br>Les&nbsp;candidats&nbsp;doivent \u00eatre \u00e2g\u00e9s de&nbsp;17 ans au moins \u00e0 la date d\u2019entr\u00e9e en formation.<br>Au&nbsp;minimum 9 places&nbsp;sur 45&nbsp;sont ouvertes pour les Agents de Services Hospitaliers Qualifi\u00e9s (ASHQ) de la fonction publique hospitali\u00e8re<\/p>\n\n\n\n<h2 class=\"wp-block-heading has-luminous-vivid-orange-color has-text-color\"><strong>Modalit\u00e9s d&rsquo;inscription<\/strong> <strong>pour les \u00e9preuves de s\u00e9lection<\/strong><\/h2>\n\n\n\n<p>\u25ba<strong>Un seul dossier <\/strong>est \u00e0 d\u00e9poser ou envoyer a<strong>upr\u00e8s de l&rsquo;institut du 1er choix<\/strong> du regroupement de l&rsquo;Oise<br>\u25ba Tout dossier incomplet \u00e0 la date de cl\u00f4ture des inscriptions ne sera pas pris en compte (cachet de la poste faisant foi)<\/p>\n\n\n\n<h2 class=\"wp-block-heading has-luminous-vivid-orange-color has-text-color\"><strong>Epreuve de s\u00e9lection<\/strong><\/h2>\n\n\n\n<p>La s\u00e9lection des candidats est effectu\u00e9e par un jury de s\u00e9lection sur la base :<br>\u25ba De l&rsquo;\u00e9tude du dossier du candidat<br>\u25ba D&rsquo;un entretien destin\u00e9 \u00e0 appr\u00e9cier les connaissances, les aptitudes et la motivation du candidat \u00e0 suivre la formation.<\/p>\n\n\n\n<figure class=\"wp-block-table\"><table><thead><tr><th>&nbsp;Attendus et crit\u00e8res nationaux:<\/th><\/tr><\/thead><tbody><tr><td>Int\u00e9r\u00eat pour le domaine de l&rsquo;accompagnement et de l&rsquo;aide \u00e0 la personne notamment en situation de vuln\u00e9rabilit\u00e9<\/td><\/tr><tr><td>Qualit\u00e9s humaines et capacit\u00e9s relationnelles<\/td><\/tr><tr><td>Aptitudes en mati\u00e8re d&rsquo;expression \u00e9crite, orale<\/td><\/tr><tr><td>Capacit\u00e9s d&rsquo;analyse et ma\u00eetrise des bases de l&rsquo;arithm\u00e9tique<\/td><\/tr><tr><td>Capacit\u00e9s organisationnelles<\/td><\/tr><\/tbody><\/table><\/figure>\n\n\n\n<p class=\"has-medium-font-size\"><strong><br><mark style=\"background-color:rgba(0, 0, 0, 0)\" class=\"has-inline-color has-luminous-vivid-orange-color\">ADMISSION <\/mark><\/strong><\/p>\n\n\n\n<p>Aucun r\u00e9sultat n\u2019est communiqu\u00e9 par t\u00e9l\u00e9phone.<strong><br><\/strong>Le candidat est personnellement inform\u00e9 par courrier postal et par mail de ses r\u00e9sultats conjointement \u00e0 l\u2019affichage et dans les jours qui suivent l\u2019affichage.<strong><br><\/strong>Si vous \u00eates admis, vous devez, dans les&nbsp;<strong>sept jours<\/strong> <strong>ouvr\u00e9s&nbsp;<\/strong>qui suivent l\u2019affichage des r\u00e9sultats, confirmer votre entr\u00e9e en formation par courrier postale ou par mail(Cachet de la poste faisant foi).<strong><br>Pass\u00e9 ce d\u00e9lai, les candidats qui ne se sont pas manifest\u00e9s, seront pr\u00e9sum\u00e9s avoir<br>renonc\u00e9 au b\u00e9n\u00e9fice des \u00e9preuves de s\u00e9lection.<\/strong><\/p>\n\n\n\n<p class=\"has-text-align-center\">Le b\u00e9n\u00e9fice de l&rsquo;admission est valable uniquement pour la session de formation au titre de laquelle le candidat s&rsquo;est inscrit.<\/p>\n\n\n\n<p>Par d\u00e9rogation, le Directeur de l\u2019institut accorde pour une dur\u00e9e qu\u2019il d\u00e9termine, dans la limite cumul\u00e9e de deux ans, un report pour l\u2019entr\u00e9e en scolarit\u00e9 dans son \u00e9tablissement :<br>\u25ba De droit en cas de cong\u00e9 pour cause de maternit\u00e9, de rejet du b\u00e9n\u00e9fice de la promotion<br>professionnelle ou sociale, de rejet d\u2019une demande de cong\u00e9 de formation, de rejet d\u2019une demande de mise en disponibilit\u00e9 ou pour la garde d\u2019un enfant de moins de quatre ans ;<br>\u25baDe fa\u00e7on exceptionnelle, sur la base des \u00e9l\u00e9ments apport\u00e9s par le candidat justifiant de la<br>survenance d\u2019un \u00e9v\u00e8nement grave l\u2019emp\u00eachant d\u2019initier sa formation.<\/p>\n\n\n\n<p class=\"has-text-align-center\"><br><strong>Toute personne ayant b\u00e9n\u00e9fici\u00e9 d\u2019un report d\u2019admission doit, trois mois avant la date de rentr\u00e9e, confirmer son intention de reprendre sa scolarit\u00e9 \u00e0 la rentr\u00e9e suivante.<\/strong><\/p>\n\n\n\n<p class=\"has-text-align-center\"><strong>Pass\u00e9 ce d\u00e9lai,  les candidats qui ne se sont pas manifest\u00e9s, seront pr\u00e9sum\u00e9s avoir<br>renonc\u00e9 au b\u00e9n\u00e9fice des \u00e9preuves de s\u00e9lection.<\/strong><\/p>\n\n\n\n<figure class=\"wp-block-table is-style-stripes\"><table class=\"has-fixed-layout\"><tbody><tr><td><strong>Attention \u00e0 anticiper la prise en charge financi\u00e8re<\/strong> de vos \u00e9tudes avant l\u2019admission<br> car le montant est d\u2019env. 6 500 \u20ac pour un cursus complet.<br>Vous ne pourrez, une fois admis(e), \u00eatre \u00e9ligible au financement que par :<br>&#8211; Un employeur ou organisme (OPCO)<br>&#8211; La r\u00e9gion Hauts de France (sous certaines conditions \u00e0 la date de la cl\u00f4ture des dossiers<br>d\u2019inscription aux \u00e9preuves de s\u00e9lection)<br>&#8211; L\u2019autofinancement de votre formation.<\/td><\/tr><\/tbody><\/table><\/figure>\n\n\n\n<div class=\"wp-block-buttons is-content-justification-center is-layout-flex wp-container-core-buttons-is-layout-16018d1d wp-block-buttons-is-layout-flex\">\n<div class=\"wp-block-button is-style-outline is-style-outline--2\"><a class=\"wp-block-button__link has-vivid-cyan-blue-color has-text-color has-link-color wp-element-button\" href=\"https:\/\/www.ifsi-clermont60.fr\/site\/wp-content\/uploads\/2025\/10\/Cadre-dintervention-2025-public-eligible-au-financement-des-formations-sanitaires-et-sociales.pdf\" target=\"_blank\" rel=\"noreferrer noopener\">Information et prise en charge par la R\u00e9gion<\/a><\/div>\n<\/div>\n\n\n\n<div class=\"wp-block-buttons is-layout-flex wp-block-buttons-is-layout-flex\">\n<div class=\"wp-block-button has-custom-width wp-block-button__width-100\"><a class=\"wp-block-button__link has-white-color has-luminous-vivid-orange-background-color has-text-color has-background has-small-font-size has-custom-font-size wp-element-button\" href=\"https:\/\/www.ifsi-clermont60.fr\/site\/brochure recapitulative referentiel 2021.pdf\" target=\"_blank\" rel=\"noreferrer noopener\">D\u00e9roulement de la formation ici<\/a><\/div>\n<\/div>\n\n\n\n<p class=\"has-text-align-center has-vivid-red-color has-white-background-color has-text-color has-background has-medium-font-size\" style=\"font-style:normal;font-weight:800\"><strong>L&rsquo;inscription \u00e0 la formation Aide-Soignant(e) est GRATUITE et accessible SANS condition de dipl\u00f4me<\/strong><\/p>\n","protected":false},"excerpt":{"rendered":"<p>S\u00e9lection 2026 pour l&rsquo;admission dans les instituts de formation d&rsquo;aides-soignants du regroupement des IFAS de l&rsquo;Oise Prochaine rentr\u00e9e : Lundi 31 aout 2026 La formation aide-soignante se d\u00e9roule sur une&hellip;<\/p>\n","protected":false},"author":2,"featured_media":0,"parent":0,"menu_order":0,"comment_status":"closed","ping_status":"closed","template":"","meta":{"footnotes":""},"class_list":["post-2120","page","type-page","status-publish","hentry"],"jetpack_sharing_enabled":true,"_links":{"self":[{"href":"https:\/\/www.ifsi-clermont60.fr\/site\/index.php\/wp-json\/wp\/v2\/pages\/2120","targetHints":{"allow":["GET"]}}],"collection":[{"href":"https:\/\/www.ifsi-clermont60.fr\/site\/index.php\/wp-json\/wp\/v2\/pages"}],"about":[{"href":"https:\/\/www.ifsi-clermont60.fr\/site\/index.php\/wp-json\/wp\/v2\/types\/page"}],"author":[{"embeddable":true,"href":"https:\/\/www.ifsi-clermont60.fr\/site\/index.php\/wp-json\/wp\/v2\/users\/2"}],"replies":[{"embeddable":true,"href":"https:\/\/www.ifsi-clermont60.fr\/site\/index.php\/wp-json\/wp\/v2\/comments?post=2120"}],"version-history":[{"count":87,"href":"https:\/\/www.ifsi-clermont60.fr\/site\/index.php\/wp-json\/wp\/v2\/pages\/2120\/revisions"}],"predecessor-version":[{"id":6542,"href":"https:\/\/www.ifsi-clermont60.fr\/site\/index.php\/wp-json\/wp\/v2\/pages\/2120\/revisions\/6542"}],"wp:attachment":[{"href":"https:\/\/www.ifsi-clermont60.fr\/site\/index.php\/wp-json\/wp\/v2\/media?parent=2120"}],"curies":[{"name":"wp","href":"https:\/\/api.w.org\/{rel}","templated":true}]}}