{"id":2086,"date":"2022-02-14T14:15:33","date_gmt":"2022-02-14T13:15:33","guid":{"rendered":"https:\/\/www.ifsi-clermont60.fr\/site\/?page_id=2086"},"modified":"2026-02-04T16:18:52","modified_gmt":"2026-02-04T15:18:52","slug":"formation-as","status":"publish","type":"page","link":"https:\/\/www.ifsi-clermont60.fr\/site\/index.php\/formation-as\/","title":{"rendered":"Formation DE &#8211; Aide-Soignant"},"content":{"rendered":"\n<p>Inscrit au r\u00e9pertoire des certifications professionnelles sous le n\u00b0 RNCP40692<br><strong>1 <\/strong>LA FORMATION AS<br><strong>2<\/strong> CONNAISSANCES ET APTITUDES ATTENDUES<br><strong>3<\/strong> REFERENTIEL 2021<br><mark style=\"background-color:rgba(0, 0, 0, 0)\" class=\"has-inline-color has-black-color\"><strong>4<\/strong> ENSEIGNEMENTS A L\u2019INSTITUT<br><strong>5<\/strong> MODALITES D\u2019EVALUATION<br><strong>6<\/strong> DIPLOME ANTERIEUR<\/mark><\/p>\n\n\n\n<hr class=\"wp-block-separator has-css-opacity\"\/>\n\n\n\n<p class=\"has-text-align-left has-luminous-vivid-orange-color has-text-color\" style=\"font-size:26px\"><strong>1. La formation <\/strong><\/p>\n\n\n\n<p class=\"has-drop-cap\">La formation aide-soignant(e) se d\u00e9roule sur <strong>11 mois<\/strong> (35h\/semaine, de 8h \u00e0 18h pour les cours th\u00e9oriques et de jour entre 6h et 21h, ou de nuit 10h de nuit pour les stages ). Selon votre cursus ant\u00e9rieur, un Accompagnement P\u00e9dagogique Individualis\u00e9 (API) de 35 heures minimum est mis en place.<br>Pour une rentr\u00e9e fin ao\u00fbt, une \u00e9preuve de s\u00e9lection est organis\u00e9e jusque mi-juin (voir modalit\u00e9 d&rsquo;inscription). <br><strong>Le nombres d\u2019\u00e9l\u00e8ves par promotion est de 50.<\/strong> (Agr\u00e9ment de 45 places dont 30 financ\u00e9s par la r\u00e9gion HDF).<br>L\u2019objectif est de se former en pluriprofessionnalit\u00e9 au service de l\u2019usager, les apprentissages sont mutualis\u00e9s entre \u00e9l\u00e8ves aide-soignant et \u00e9tudiants infirmiers.<br>Actuellement, le tarif de la formation AS est de : <strong>6500 euros<\/strong> (pour une formation compl\u00e8te de 11 mois<em>)<\/em>. <br>Pour les formations modulaires, le tarif est d\u00e9fini en fonction du temps r\u00e9alis\u00e9 par module. (Pour en savoir plus, vous pouvez demander un devis (<a href=\"https:\/\/www.ifsi-clermont60.fr\/site\/index.php\/contacts\/\" target=\"_blank\" rel=\"noreferrer noopener\">cliquez ici<\/a>) au secr\u00e9tariat de l&rsquo;institut de formation)<em>.<\/em><\/p>\n\n\n\n<p class=\"has-text-align-center\"><strong><a rel=\"noreferrer noopener\" href=\"https:\/\/www.ifsi-clermont60.fr\/site\/cadre reglementaire financement.pdf\" target=\"_blank\">Financement des formations sanitaires et sociales de niveau V en Hauts de France<\/a><\/strong><\/p>\n\n\n\n<figure class=\"wp-block-table is-style-stripes\"><table class=\"has-fixed-layout\"><tbody><tr><td><strong>Nos particularit\u00e9s en formation initiale:<\/strong><br><br>\u25ba La formation&nbsp; \u00ab&nbsp;apprendre ensemble pour travailler ensemble&nbsp;\u00bb&nbsp;Nous d\u00e9veloppons des apprentissages en commun entre \u00e9tudiants infirmiers et \u00e9l\u00e8ves aides-soignants afin de mieux les pr\u00e9parer \u00e0 leur exercice professionnel ensemble.<\/td><\/tr><\/tbody><\/table><\/figure>\n\n\n\n<div class=\"wp-block-columns is-layout-flex wp-container-core-columns-is-layout-9d6595d7 wp-block-columns-is-layout-flex\">\n<div class=\"wp-block-column is-layout-flow wp-block-column-is-layout-flow\">\n<div class=\"wp-block-buttons is-content-justification-center is-layout-flex wp-container-core-buttons-is-layout-16018d1d wp-block-buttons-is-layout-flex\">\n<div class=\"wp-block-button\"><a class=\"wp-block-button__link has-text-align-center wp-element-button\" href=\"https:\/\/www.francecompetences.fr\/recherche\/rncp\/40692\/#anchor2\" style=\"border-top-left-radius:0px;border-top-right-radius:0px;border-bottom-left-radius:0px;border-bottom-right-radius:0px\" target=\"_blank\" rel=\"noreferrer noopener\">Fiche RNCP40692*<\/a><\/div>\n<\/div>\n<\/div>\n\n\n\n<div class=\"wp-block-column is-layout-flow wp-block-column-is-layout-flow\">\n<div class=\"wp-block-buttons is-content-justification-center is-layout-flex wp-container-core-buttons-is-layout-16018d1d wp-block-buttons-is-layout-flex\">\n<div class=\"wp-block-button\"><a class=\"wp-block-button__link wp-element-button\" href=\"https:\/\/www.ifsi-premontre.fr\/wp-content\/uploads\/2023\/08\/joe_20230611_0134_0019.pdf\" style=\"border-top-left-radius:0px;border-top-right-radius:0px;border-bottom-left-radius:0px;border-bottom-right-radius:0px\" target=\"_blank\" rel=\"noreferrer noopener\">D\u00e9crets, arr\u00eat\u00e9s, circulaires<\/a><\/div>\n<\/div>\n<\/div>\n<\/div>\n\n\n\n<p>*Certificateur : Minist\u00e8re de la sant\u00e9 et de la pr\u00e9vention&nbsp; Date d\u2019\u00e9ch\u00e9ance de l\u2019enregistrement : 01\/09\/2029<\/p>\n\n\n\n<h2 class=\"wp-block-heading has-luminous-vivid-orange-color has-text-color\" id=\"2-connaissances-et-aptitudes-attendues-pour-suivre-les-formations-conduisant-aux-diplomes-d-etat-d-aide-soignant-et-d-auxiliaire-de-puericulture\"><strong>2. Connaissances et aptitudes attendues pour suivre les formations conduisant aux dipl\u00f4mes d\u2019Etat d\u2019aide-soignant et d\u2019auxiliaire de pu\u00e9riculture<\/strong><\/h2>\n\n\n\n<p>Les attendus et crit\u00e8res nationaux sont les suivants&nbsp;:<\/p>\n\n\n\n<figure class=\"wp-block-table is-style-stripes\"><table><tbody><tr><td><strong>Attendus<\/strong><\/td><td><strong>Crit\u00e8res<\/strong><\/td><\/tr><tr><td>Int\u00e9r\u00eat pour le domaine de l\u2019accompagnement et de l\u2019aide \u00e0&nbsp; la personne notamment en situation de vuln\u00e9rabilit\u00e9<\/td><td>Connaissances dans le domaine sanitaire, m\u00e9dico-social, social ou soci\u00e9tal<\/td><\/tr><tr><td>Qualit\u00e9s humaines et capacit\u00e9s relationnelles<\/td><td>Aptitude \u00e0 faire preuve d\u2019attention \u00e0 l\u2019autre, d\u2019\u00e9coute et d\u2019ouverture d\u2019esprits.<mark><br><\/mark>Aptitude \u00e0 entrer en relation avec une personne et \u00e0 communiquer<br>Aptitude \u00e0 collaborer et \u00e0 travailler en \u00e9quipe<\/td><\/tr><tr><td>Aptitudes en mati\u00e8re&nbsp; d\u2019expression \u00e9crite, orale<\/td><td>Ma\u00eetrise du fran\u00e7ais et du langage \u00e9crit et oral<br>Pratique des outils num\u00e9riques<\/td><\/tr><tr><td>Capacit\u00e9s d\u2019analyse et ma\u00eetrise des bases de l\u2019arithm\u00e9tique<\/td><td>Aptitude \u00e0 \u00e9laborer un raisonnement logique \u00e0 partir de connaissances et de recherches fiables<\/td><\/tr><tr><td>Capacit\u00e9s organisationnelles<\/td><td>Aptitudes d\u2019observation, \u00e0 s\u2019organiser, \u00e0 prioriser les activit\u00e9s, autonomie dans le travail<\/td><\/tr><\/tbody><\/table><figcaption class=\"wp-element-caption\">Les connaissances et aptitudes peuvent \u00eatre v\u00e9rifi\u00e9es dans un cadre scolaire, professionnel, associatif, etc.<\/figcaption><\/figure>\n\n\n\n<hr class=\"wp-block-separator has-css-opacity\"\/>\n\n\n\n<p><strong>L\u2019objectif de la formation aide-soignante<\/strong> est de se former en pluri professionnalit\u00e9 au service de l\u2019usager et quel que soit son lieu futur d\u2019exercice en&nbsp;:<\/p>\n\n\n\n<ul class=\"wp-block-list\">\n<li>\u00c9tablissement de sant\u00e9<\/li>\n\n\n\n<li>\u00c9tablissement Medico \u2013Social<\/li>\n\n\n\n<li>A domicile<\/li>\n<\/ul>\n\n\n\n<p>Et dans les domaines<\/p>\n\n\n\n<ul class=\"wp-block-list\">\n<li>Des soins aigus , des soins courants ou palliatifs<\/li>\n\n\n\n<li>Du handicap<\/li>\n\n\n\n<li>De la personne \u00e2g\u00e9e<\/li>\n<\/ul>\n\n\n\n<hr class=\"wp-block-separator has-css-opacity\"\/>\n\n\n\n<h2 class=\"wp-block-heading has-luminous-vivid-orange-color has-text-color\" id=\"3-la-formation-du-referentiel-2021\" style=\"font-size:16px\"><strong>3. LA FORMATION<\/strong> <strong>du r\u00e9f\u00e9rentiel 2021<\/strong><\/h2>\n\n\n\n<blockquote class=\"wp-block-quote is-style-default is-layout-flow wp-block-quote-is-layout-flow\" style=\"font-size:17px\">\n<p>Pour en savoir plus,<a href=\"https:\/\/www.ifsi-clermont60.fr\/site\/wp-content\/uploads\/2024\/01\/bloc-competences-AS.pdf\"> cliquez ici<\/a><\/p>\n<cite>Dur\u00e9e pour <strong>une formation compl\u00e8te en alternance<\/strong>:  1540h pour 35h par semaine<\/cite><\/blockquote>\n\n\n\n<figure style=\"font-size:16px\" class=\"wp-block-table\"><table><tbody><tr><td><strong>22 semaines de th\u00e9orie\/ cours<\/strong><\/td><td><strong>22 semaines de stage clinique &nbsp;en 4 p\u00e9riodes<\/strong>*<\/td><\/tr><tr><td>\u2022 10 modules de formation<br>\u2022 35 heures de dispositif API (Accompagnement P\u00e9dagogique<br>Individualis\u00e9) \u00e0 r\u00e9aliser dans les 3 premiers mois de formation<br>\u2022 7h de suivi p\u00e9dagogique r\u00e9partis tout au long de la formation<br>\u2022 35 h de TPG<br>\u2022 horaire de cours 35 h par semaine (8h \u00e0 18h)<\/td><td>\u2022 5 semaines accompagnement et prise en soins dans la vie<br>quotidienne de la personne aid\u00e9e<br>\u2022 5 semaines prise en soins en r\u00e9\u00e9ducation , r\u00e9adaptation soins<br>de suite et soins de courte dur\u00e9e<br>\u2022 5 semaines prise en soins en lieu de vie, domicile ou structure<br>d\u2019accueil pour personnes d\u00e9pendantes<br>\u2022 7 semaines (fin de formation) de stage de p\u00e9riode int\u00e9grative en milieu professionnel<\/td><\/tr><\/tbody><\/table><figcaption class=\"wp-element-caption\">*Au moins une p\u00e9riode aupr\u00e8s de personnes en situation de handicap<br>physique ou psychique et une p\u00e9riode aupr\u00e8s de personnes \u00e2g\u00e9es<br><br>Horaires de stage 35h par semaine (matin, apr\u00e8s-midi, nuit, journ\u00e9e, week-end)<\/figcaption><\/figure>\n\n\n\n<hr class=\"wp-block-separator has-css-opacity\"\/>\n\n\n\n<p class=\"has-luminous-vivid-orange-color has-text-color\"><strong>4. Les enseignements \u00e0 l&rsquo;Institut de formation sont r\u00e9alis\u00e9s sous diff\u00e9rentes formes :<\/strong><\/p>\n\n\n\n<figure data-wp-context=\"{&quot;imageId&quot;:&quot;69f42c5a209d7&quot;}\" data-wp-interactive=\"core\/image\" data-wp-key=\"69f42c5a209d7\" class=\"wp-block-image size-full wp-lightbox-container\"><img fetchpriority=\"high\" decoding=\"async\" width=\"925\" height=\"405\" data-wp-class--hide=\"state.isContentHidden\" data-wp-class--show=\"state.isContentVisible\" data-wp-init=\"callbacks.setButtonStyles\" data-wp-on--click=\"actions.showLightbox\" data-wp-on--load=\"callbacks.setButtonStyles\" data-wp-on-window--resize=\"callbacks.setButtonStyles\" src=\"https:\/\/www.ifsi-clermont60.fr\/site\/wp-content\/uploads\/2024\/02\/image-29.png\" alt=\"\" class=\"wp-image-4586\" srcset=\"https:\/\/www.ifsi-clermont60.fr\/site\/wp-content\/uploads\/2024\/02\/image-29.png 925w, https:\/\/www.ifsi-clermont60.fr\/site\/wp-content\/uploads\/2024\/02\/image-29-300x131.png 300w, https:\/\/www.ifsi-clermont60.fr\/site\/wp-content\/uploads\/2024\/02\/image-29-768x336.png 768w\" sizes=\"(max-width: 925px) 100vw, 925px\" \/><button\n\t\t\tclass=\"lightbox-trigger\"\n\t\t\ttype=\"button\"\n\t\t\taria-haspopup=\"dialog\"\n\t\t\taria-label=\"Agrandir\"\n\t\t\tdata-wp-init=\"callbacks.initTriggerButton\"\n\t\t\tdata-wp-on--click=\"actions.showLightbox\"\n\t\t\tdata-wp-style--right=\"state.imageButtonRight\"\n\t\t\tdata-wp-style--top=\"state.imageButtonTop\"\n\t\t>\n\t\t\t<svg xmlns=\"http:\/\/www.w3.org\/2000\/svg\" width=\"12\" height=\"12\" fill=\"none\" viewBox=\"0 0 12 12\">\n\t\t\t\t<path fill=\"#fff\" d=\"M2 0a2 2 0 0 0-2 2v2h1.5V2a.5.5 0 0 1 .5-.5h2V0H2Zm2 10.5H2a.5.5 0 0 1-.5-.5V8H0v2a2 2 0 0 0 2 2h2v-1.5ZM8 12v-1.5h2a.5.5 0 0 0 .5-.5V8H12v2a2 2 0 0 1-2 2H8Zm2-12a2 2 0 0 1 2 2v2h-1.5V2a.5.5 0 0 0-.5-.5H8V0h2Z\" \/>\n\t\t\t<\/svg>\n\t\t<\/button><\/figure>\n\n\n\n<hr class=\"wp-block-separator has-text-color has-luminous-vivid-orange-color has-css-opacity has-luminous-vivid-orange-background-color has-background is-style-wide\"\/>\n\n\n\n<h2 class=\"wp-block-heading has-luminous-vivid-orange-color has-text-color\" id=\"5-modalites-d-evaluation\"><strong>5. Modalit\u00e9s d&rsquo;\u00e9valuation<\/strong><\/h2>\n\n\n\n<p><strong>L\u2019\u00e9valuation th\u00e9orique<\/strong>&nbsp;&nbsp;s\u2019effectue soit:<br>\u25ba Par contr\u00f4le continu<br>\u25ba Par \u00e9tudes de situation<br>\u25ba Par pratique simul\u00e9e<br>\u25ba A l\u2019oral ou \u00e0 l\u2019\u00e9crit<br>\u25ba En individuel ou en groupe<br>Le nombre d\u2019\u00e9valuations sur l\u2019ann\u00e9e est d&rsquo;env. au nombre de 5.<br>L\u2019\u00e9valuation th\u00e9orique&nbsp;est coupl\u00e9e \u00e0 l\u2019\u00e9valuation des comp\u00e9tences en milieu professionnel lors de stages (pour la validation des blocs de comp\u00e9tences \u00e0 acqu\u00e9rir au terme de la formation et \u00eatre dipl\u00f4m\u00e9(e)).<br>Les \u00e9l\u00e8ves&nbsp;sont inform\u00e9(e)s en d\u00e9but d\u2019ann\u00e9e des modalit\u00e9s et dates de toutes les \u00e9valuations par un calendrier pr\u00e9visionnel.<\/p>\n\n\n\n<hr class=\"wp-block-separator has-text-color has-luminous-vivid-orange-color has-css-opacity has-luminous-vivid-orange-background-color has-background is-style-wide\"\/>\n\n\n\n<p class=\"has-luminous-vivid-orange-color has-text-color has-medium-font-size\"><strong>6. Une formation prenant en compte les dipl\u00f4mes ant\u00e9rieurs<\/strong><\/p>\n\n\n\n<p>Sous r\u00e9serve d&rsquo;\u00eatre admis \u00e0 suivre la formation dans les conditions fix\u00e9es par l&rsquo;arr\u00eat\u00e9 du 7 avril 2020 modifi\u00e9 susvis\u00e9, des \u00e9quivalences de comp\u00e9tences, de blocs de comp\u00e9tences ou des all\u00e9gements partiels ou complets de certains modules de formation sont accord\u00e9es aux \u00e9l\u00e8ves titulaires des titres ou dipl\u00f4mes suivants:<\/p>\n\n\n\n<hr class=\"wp-block-separator has-css-opacity\"\/>\n\n\n\n<figure data-wp-context=\"{&quot;imageId&quot;:&quot;69f42c5a21448&quot;}\" data-wp-interactive=\"core\/image\" data-wp-key=\"69f42c5a21448\" class=\"wp-block-image size-full wp-lightbox-container\"><img decoding=\"async\" width=\"910\" height=\"580\" data-wp-class--hide=\"state.isContentHidden\" data-wp-class--show=\"state.isContentVisible\" data-wp-init=\"callbacks.setButtonStyles\" data-wp-on--click=\"actions.showLightbox\" data-wp-on--load=\"callbacks.setButtonStyles\" data-wp-on-window--resize=\"callbacks.setButtonStyles\" src=\"https:\/\/www.ifsi-clermont60.fr\/site\/wp-content\/uploads\/2024\/02\/image-28.png\" alt=\"\" class=\"wp-image-4583\" srcset=\"https:\/\/www.ifsi-clermont60.fr\/site\/wp-content\/uploads\/2024\/02\/image-28.png 910w, https:\/\/www.ifsi-clermont60.fr\/site\/wp-content\/uploads\/2024\/02\/image-28-300x191.png 300w, https:\/\/www.ifsi-clermont60.fr\/site\/wp-content\/uploads\/2024\/02\/image-28-768x489.png 768w\" sizes=\"(max-width: 910px) 100vw, 910px\" \/><button\n\t\t\tclass=\"lightbox-trigger\"\n\t\t\ttype=\"button\"\n\t\t\taria-haspopup=\"dialog\"\n\t\t\taria-label=\"Agrandir\"\n\t\t\tdata-wp-init=\"callbacks.initTriggerButton\"\n\t\t\tdata-wp-on--click=\"actions.showLightbox\"\n\t\t\tdata-wp-style--right=\"state.imageButtonRight\"\n\t\t\tdata-wp-style--top=\"state.imageButtonTop\"\n\t\t>\n\t\t\t<svg xmlns=\"http:\/\/www.w3.org\/2000\/svg\" width=\"12\" height=\"12\" fill=\"none\" viewBox=\"0 0 12 12\">\n\t\t\t\t<path fill=\"#fff\" d=\"M2 0a2 2 0 0 0-2 2v2h1.5V2a.5.5 0 0 1 .5-.5h2V0H2Zm2 10.5H2a.5.5 0 0 1-.5-.5V8H0v2a2 2 0 0 0 2 2h2v-1.5ZM8 12v-1.5h2a.5.5 0 0 0 .5-.5V8H12v2a2 2 0 0 1-2 2H8Zm2-12a2 2 0 0 1 2 2v2h-1.5V2a.5.5 0 0 0-.5-.5H8V0h2Z\" \/>\n\t\t\t<\/svg>\n\t\t<\/button><figcaption class=\"wp-element-caption\">Les personnes susmentionn\u00e9es b\u00e9n\u00e9ficient des mesures d&rsquo;\u00e9quivalences ou d&rsquo;all\u00e9gement de suivi ou de validation de certains blocs de comp\u00e9tences selon les modalit\u00e9s fix\u00e9es \u00e0 l&rsquo;annexe VII du pr\u00e9sent arr\u00eat\u00e9.<br>Leur parcours de formation et les modalit\u00e9s d&rsquo;\u00e9valuation des blocs de comp\u00e9tences ou des comp\u00e9tences manquantes en vue de l&rsquo;obtention du dipl\u00f4me d&rsquo;Etat d&rsquo;aide-soignant sont d\u00e9finies.<\/figcaption><\/figure>\n\n\n\n<p>Pour en savoir plus sur le d\u00e9tail du nombre d&rsquo;heures \u00e0 r\u00e9aliser en formation th\u00e9orique et en formation clinique, SELON VOTRE PASSERELLE, cliquez sur le lien ci dessous:<\/p>\n\n\n\n<div class=\"wp-block-buttons is-content-justification-center is-layout-flex wp-container-core-buttons-is-layout-16018d1d wp-block-buttons-is-layout-flex\">\n<div class=\"wp-block-button\"><a class=\"wp-block-button__link wp-element-button\" href=\"https:\/\/www.ifsi-clermont60.fr\/site\/wp-content\/uploads\/2022\/02\/10-Juin-2021-Equivalences-passerelles.pdf\" style=\"border-top-left-radius:0px;border-top-right-radius:0px;border-bottom-left-radius:0px;border-bottom-right-radius:0px\" target=\"_blank\" rel=\"noreferrer noopener\">Blocs de comp\u00e9tences<\/a><\/div>\n\n\n\n<div class=\"wp-block-button\"><a class=\"wp-block-button__link wp-element-button\" href=\"https:\/\/www.ifsi-clermont60.fr\/site\/wp-content\/uploads\/2026\/01\/Plaquette-referentiel-de-formation-AS-2021.pdf\" style=\"border-top-left-radius:0px;border-top-right-radius:0px;border-bottom-left-radius:0px;border-bottom-right-radius:0px\" target=\"_blank\" rel=\"noreferrer noopener\">R\u00e9f\u00e9rentiel de formation<\/a><\/div>\n<\/div>\n\n\n\n<figure class=\"wp-block-table is-style-stripes\"><table class=\"has-fixed-layout\"><tbody><tr><td>Pour plus d\u2019informations, consulter :<br><strong>Arr\u00eat\u00e9 du 10 juin 2021<\/strong> relatif \u00e0 la formation conduisant au dipl\u00f4me d&rsquo;Etat d&rsquo;aide-soignant et portant diverses dispositions relatives aux modalit\u00e9s de fonctionnement des instituts de formation param\u00e9dicaux<\/td><\/tr><\/tbody><\/table><\/figure>\n\n\n\n<p>Au terme de la formation, en fonction de la validation des comp\u00e9tences en stage, en th\u00e9orie et du pr\u00e9sent\u00e9isme obligatoire, le dipl\u00f4me d&rsquo;\u00c9tat Aide-Soignant est valid\u00e9 par le jury final sous la pr\u00e9sidence de la DREETS des Hauts de France (Direction R\u00e9gional de l&rsquo;\u00c9conomie, de l&rsquo;Emploi, du Travail des Solidarit\u00e9s).<\/p>\n","protected":false},"excerpt":{"rendered":"<p>Inscrit au r\u00e9pertoire des certifications professionnelles sous le n\u00b0 RNCP406921 LA FORMATION AS2 CONNAISSANCES ET APTITUDES ATTENDUES3 REFERENTIEL 20214 ENSEIGNEMENTS A L\u2019INSTITUT5 MODALITES D\u2019EVALUATION6 DIPLOME ANTERIEUR 1. La formation La&hellip;<\/p>\n","protected":false},"author":2,"featured_media":0,"parent":0,"menu_order":0,"comment_status":"closed","ping_status":"closed","template":"","meta":{"footnotes":""},"class_list":["post-2086","page","type-page","status-publish","hentry"],"jetpack_sharing_enabled":true,"_links":{"self":[{"href":"https:\/\/www.ifsi-clermont60.fr\/site\/index.php\/wp-json\/wp\/v2\/pages\/2086","targetHints":{"allow":["GET"]}}],"collection":[{"href":"https:\/\/www.ifsi-clermont60.fr\/site\/index.php\/wp-json\/wp\/v2\/pages"}],"about":[{"href":"https:\/\/www.ifsi-clermont60.fr\/site\/index.php\/wp-json\/wp\/v2\/types\/page"}],"author":[{"embeddable":true,"href":"https:\/\/www.ifsi-clermont60.fr\/site\/index.php\/wp-json\/wp\/v2\/users\/2"}],"replies":[{"embeddable":true,"href":"https:\/\/www.ifsi-clermont60.fr\/site\/index.php\/wp-json\/wp\/v2\/comments?post=2086"}],"version-history":[{"count":45,"href":"https:\/\/www.ifsi-clermont60.fr\/site\/index.php\/wp-json\/wp\/v2\/pages\/2086\/revisions"}],"predecessor-version":[{"id":6429,"href":"https:\/\/www.ifsi-clermont60.fr\/site\/index.php\/wp-json\/wp\/v2\/pages\/2086\/revisions\/6429"}],"wp:attachment":[{"href":"https:\/\/www.ifsi-clermont60.fr\/site\/index.php\/wp-json\/wp\/v2\/media?parent=2086"}],"curies":[{"name":"wp","href":"https:\/\/api.w.org\/{rel}","templated":true}]}}